{"id":25382,"date":"2015-01-12T20:38:30","date_gmt":"2015-01-12T19:38:30","guid":{"rendered":"http:\/\/relaunch.starlightevents.ch\/portfolio_page\/gipfel-rendez-vous-pilatus\/"},"modified":"2018-07-11T17:52:54","modified_gmt":"2018-07-11T15:52:54","slug":"rendez-vous-au-sommet-du-pilate","status":"publish","type":"portfolio_page","link":"https:\/\/www.starlightevents.ch\/fr\/portfolio_page\/rendez-vous-au-sommet-du-pilate\/","title":{"rendered":"Rendez-vous au sommet du Pilate"},"content":{"rendered":"<div class=\"wpb-content-wrapper\"><p>[vc_row css_animation=\u00a0\u00bb\u00a0\u00bb row_type=\u00a0\u00bbrow\u00a0\u00bb use_row_as_full_screen_section=\u00a0\u00bbno\u00a0\u00bb type=\u00a0\u00bbfull_width\u00a0\u00bb angled_section=\u00a0\u00bbno\u00a0\u00bb text_align=\u00a0\u00bbleft\u00a0\u00bb background_image=\u00a0\u00bb25814&Prime; background_image_as_pattern=\u00a0\u00bbwithout_pattern\u00a0\u00bb z_index=\u00a0\u00bb\u00a0\u00bb][vc_column][vc_empty_space height=\u00a0\u00bb700px\u00a0\u00bb][\/vc_column][\/vc_row][vc_row css_animation=\u00a0\u00bb\u00a0\u00bb row_type=\u00a0\u00bbrow\u00a0\u00bb use_row_as_full_screen_section=\u00a0\u00bbno\u00a0\u00bb type=\u00a0\u00bbgrid\u00a0\u00bb angled_section=\u00a0\u00bbno\u00a0\u00bb text_align=\u00a0\u00bbleft\u00a0\u00bb background_image_as_pattern=\u00a0\u00bbwithout_pattern\u00a0\u00bb z_index=\u00a0\u00bb\u00a0\u00bb][vc_column][vc_empty_space][vc_column_text]<\/p>\n<h2>Rendez-vous au sommet du Pilate<\/h2>\n<p>[\/vc_column_text][vc_separator type=\u00a0\u00bbsmall\u00a0\u00bb position=\u00a0\u00bbleft\u00a0\u00bb][vc_column_text]En septembre 2015, l\u2019h\u00f4tel Pilatus-Kulm a c\u00e9l\u00e9br\u00e9 son 125\u00e8me anniversaire: quelques mois apr\u00e8s la construction du chemin de fers \u00e0 cr\u00e9maill\u00e8res le plus pentu du monde, l\u2019h\u00f4tel avait ouvert sur le mont de Lucerne.<\/p>\n<p>A l\u2019occasion de ce jubil\u00e9, les chemins de fer du Pilate ont cr\u00e9\u00e9 des univers de lumi\u00e8re tr\u00e8s particuliers: un spectacle de lumi\u00e8re d\u2019environ 10 minutes ponctu\u00e9 de musique. La mise en sc\u00e8ne a transform\u00e9 l\u2019Eselwand en un grand \u00e9cran pendant une semaine. \u00abVous n\u2019aviez jamais vu le Pilate ainsi\u00bb a observ\u00e9 un reporter enthousiasm\u00e9 de Tele 1 \u00abune montagne mythique, avec une mise en sc\u00e8ne mythique\u00bb. 11 motifs de l\u2019artiste viennoise Teresa Mar ont plong\u00e9 la masse rocheuse du Pilate Kulm dans un nouvel univers lumineux. Ils ont ainsi montr\u00e9 la montagne et son chemin de fer, l\u2019h\u00f4tel, les univers naturels et sans oublier les dragons mythiques du Pilate.[\/vc_column_text][vc_empty_space][\/vc_column][\/vc_row][vc_row css_animation=\u00a0\u00bb\u00a0\u00bb row_type=\u00a0\u00bbrow\u00a0\u00bb use_row_as_full_screen_section=\u00a0\u00bbno\u00a0\u00bb type=\u00a0\u00bbgrid\u00a0\u00bb angled_section=\u00a0\u00bbno\u00a0\u00bb text_align=\u00a0\u00bbleft\u00a0\u00bb background_image_as_pattern=\u00a0\u00bbwithout_pattern\u00a0\u00bb z_index=\u00a0\u00bb\u00a0\u00bb][vc_column]<div class=\"qode-advanced-image-gallery  qode-aig-grid-type qode-normal-space  qode-image-behavior-lightbox \">\n\t<div class=\"qode-aig-inner qode-outer-space qode-aig-grid qode-aig-two-columns\">\n\t\t\t\t\t<div class=\"qode-aig-image qode-item-space\">\n\t\t\t\t<div class=\"qode-aig-image-inner\">\n\t\t\t\t\t\t\t\t\t\t\t<a itemprop=\"image\" class=\"qode-aig-lightbox\" href=\"https:\/\/www.starlightevents.ch\/wp-content\/uploads\/2018\/05\/img_projekt_illumination_pilatus_kulm_2100x1400_1.jpg\" data-rel=\"prettyPhoto[image_gallery_pretty_photo-834]\" title=\"img_projekt_illumination_pilatus_kulm_2100x1400_1\">\n\t\t\t\t\t\t\t\t\t\t\t<img loading=\"lazy\" decoding=\"async\" width=\"2100\" height=\"1400\" src=\"https:\/\/www.starlightevents.ch\/wp-content\/uploads\/2018\/05\/img_projekt_illumination_pilatus_kulm_2100x1400_1.jpg\" class=\"attachment-full size-full\" alt=\"\" srcset=\"https:\/\/www.starlightevents.ch\/wp-content\/uploads\/2018\/05\/img_projekt_illumination_pilatus_kulm_2100x1400_1.jpg 2100w, https:\/\/www.starlightevents.ch\/wp-content\/uploads\/2018\/05\/img_projekt_illumination_pilatus_kulm_2100x1400_1-300x200.jpg 300w, https:\/\/www.starlightevents.ch\/wp-content\/uploads\/2018\/05\/img_projekt_illumination_pilatus_kulm_2100x1400_1-768x512.jpg 768w, https:\/\/www.starlightevents.ch\/wp-content\/uploads\/2018\/05\/img_projekt_illumination_pilatus_kulm_2100x1400_1-1024x683.jpg 1024w, https:\/\/www.starlightevents.ch\/wp-content\/uploads\/2018\/05\/img_projekt_illumination_pilatus_kulm_2100x1400_1-700x467.jpg 700w\" sizes=\"auto, (max-width: 2100px) 100vw, 2100px\" \/>\t\t\t\t\t\t<span class=\"aig-gallery-hover\">\n\t\t\t\t\t\t\t\t\t\t\t\t\t<\/span>\n\t\t\t\t\t\t\t\t\t\t\t<\/a>\n\t\t\t\t\t\t\t\t\t<\/div>\n\t\t\t<\/div>\n\t\t\t\t\t\t\t\t<div class=\"qode-aig-image qode-item-space\">\n\t\t\t\t<div class=\"qode-aig-image-inner\">\n\t\t\t\t\t\t\t\t\t\t\t<a itemprop=\"image\" class=\"qode-aig-lightbox\" href=\"https:\/\/www.starlightevents.ch\/wp-content\/uploads\/2018\/05\/img_projekt_illumination_pilatus_kulm_2100x1400_2.jpg\" data-rel=\"prettyPhoto[image_gallery_pretty_photo-834]\" title=\"img_projekt_illumination_pilatus_kulm_2100x1400_2\">\n\t\t\t\t\t\t\t\t\t\t\t<img loading=\"lazy\" decoding=\"async\" width=\"2100\" height=\"1400\" src=\"https:\/\/www.starlightevents.ch\/wp-content\/uploads\/2018\/05\/img_projekt_illumination_pilatus_kulm_2100x1400_2.jpg\" class=\"attachment-full size-full\" alt=\"\" srcset=\"https:\/\/www.starlightevents.ch\/wp-content\/uploads\/2018\/05\/img_projekt_illumination_pilatus_kulm_2100x1400_2.jpg 2100w, https:\/\/www.starlightevents.ch\/wp-content\/uploads\/2018\/05\/img_projekt_illumination_pilatus_kulm_2100x1400_2-300x200.jpg 300w, https:\/\/www.starlightevents.ch\/wp-content\/uploads\/2018\/05\/img_projekt_illumination_pilatus_kulm_2100x1400_2-768x512.jpg 768w, https:\/\/www.starlightevents.ch\/wp-content\/uploads\/2018\/05\/img_projekt_illumination_pilatus_kulm_2100x1400_2-1024x683.jpg 1024w, https:\/\/www.starlightevents.ch\/wp-content\/uploads\/2018\/05\/img_projekt_illumination_pilatus_kulm_2100x1400_2-700x467.jpg 700w\" sizes=\"auto, (max-width: 2100px) 100vw, 2100px\" \/>\t\t\t\t\t\t<span class=\"aig-gallery-hover\">\n\t\t\t\t\t\t\t\t\t\t\t\t\t<\/span>\n\t\t\t\t\t\t\t\t\t\t\t<\/a>\n\t\t\t\t\t\t\t\t\t<\/div>\n\t\t\t<\/div>\n\t\t\t\t\t\t\t\t<div class=\"qode-aig-image qode-item-space\">\n\t\t\t\t<div class=\"qode-aig-image-inner\">\n\t\t\t\t\t\t\t\t\t\t\t<a itemprop=\"image\" class=\"qode-aig-lightbox\" href=\"https:\/\/www.starlightevents.ch\/wp-content\/uploads\/2018\/05\/img_projekt_illumination_pilatus_kulm_2100x1400_3.jpg\" data-rel=\"prettyPhoto[image_gallery_pretty_photo-834]\" title=\"img_projekt_illumination_pilatus_kulm_2100x1400_3\">\n\t\t\t\t\t\t\t\t\t\t\t<img loading=\"lazy\" decoding=\"async\" width=\"2100\" height=\"1400\" src=\"https:\/\/www.starlightevents.ch\/wp-content\/uploads\/2018\/05\/img_projekt_illumination_pilatus_kulm_2100x1400_3.jpg\" class=\"attachment-full size-full\" alt=\"\" srcset=\"https:\/\/www.starlightevents.ch\/wp-content\/uploads\/2018\/05\/img_projekt_illumination_pilatus_kulm_2100x1400_3.jpg 2100w, https:\/\/www.starlightevents.ch\/wp-content\/uploads\/2018\/05\/img_projekt_illumination_pilatus_kulm_2100x1400_3-300x200.jpg 300w, https:\/\/www.starlightevents.ch\/wp-content\/uploads\/2018\/05\/img_projekt_illumination_pilatus_kulm_2100x1400_3-768x512.jpg 768w, https:\/\/www.starlightevents.ch\/wp-content\/uploads\/2018\/05\/img_projekt_illumination_pilatus_kulm_2100x1400_3-1024x683.jpg 1024w, https:\/\/www.starlightevents.ch\/wp-content\/uploads\/2018\/05\/img_projekt_illumination_pilatus_kulm_2100x1400_3-700x467.jpg 700w\" sizes=\"auto, (max-width: 2100px) 100vw, 2100px\" \/>\t\t\t\t\t\t<span class=\"aig-gallery-hover\">\n\t\t\t\t\t\t\t\t\t\t\t\t\t<\/span>\n\t\t\t\t\t\t\t\t\t\t\t<\/a>\n\t\t\t\t\t\t\t\t\t<\/div>\n\t\t\t<\/div>\n\t\t\t\t\t\t\t\t<div class=\"qode-aig-image qode-item-space\">\n\t\t\t\t<div class=\"qode-aig-image-inner\">\n\t\t\t\t\t\t\t\t\t\t\t<a itemprop=\"image\" class=\"qode-aig-lightbox\" href=\"https:\/\/www.starlightevents.ch\/wp-content\/uploads\/2018\/05\/img_projekt_illumination_pilatus_kulm_2100x1400_4.jpg\" data-rel=\"prettyPhoto[image_gallery_pretty_photo-834]\" title=\"img_projekt_illumination_pilatus_kulm_2100x1400_4\">\n\t\t\t\t\t\t\t\t\t\t\t<img loading=\"lazy\" decoding=\"async\" width=\"2100\" height=\"1400\" src=\"https:\/\/www.starlightevents.ch\/wp-content\/uploads\/2018\/05\/img_projekt_illumination_pilatus_kulm_2100x1400_4.jpg\" class=\"attachment-full size-full\" alt=\"\" srcset=\"https:\/\/www.starlightevents.ch\/wp-content\/uploads\/2018\/05\/img_projekt_illumination_pilatus_kulm_2100x1400_4.jpg 2100w, https:\/\/www.starlightevents.ch\/wp-content\/uploads\/2018\/05\/img_projekt_illumination_pilatus_kulm_2100x1400_4-300x200.jpg 300w, https:\/\/www.starlightevents.ch\/wp-content\/uploads\/2018\/05\/img_projekt_illumination_pilatus_kulm_2100x1400_4-768x512.jpg 768w, https:\/\/www.starlightevents.ch\/wp-content\/uploads\/2018\/05\/img_projekt_illumination_pilatus_kulm_2100x1400_4-1024x683.jpg 1024w, https:\/\/www.starlightevents.ch\/wp-content\/uploads\/2018\/05\/img_projekt_illumination_pilatus_kulm_2100x1400_4-700x467.jpg 700w\" sizes=\"auto, (max-width: 2100px) 100vw, 2100px\" \/>\t\t\t\t\t\t<span class=\"aig-gallery-hover\">\n\t\t\t\t\t\t\t\t\t\t\t\t\t<\/span>\n\t\t\t\t\t\t\t\t\t\t\t<\/a>\n\t\t\t\t\t\t\t\t\t<\/div>\n\t\t\t<\/div>\n\t\t\t\t\t\t<\/div>\n<\/div>[vc_empty_space height=\u00a0\u00bb64px\u00a0\u00bb][\/vc_column][\/vc_row]<\/p>\n<\/div>","protected":false},"excerpt":{"rendered":"<p>[vc_row css_animation=\u00a0\u00bb\u00a0\u00bb row_type=\u00a0\u00bbrow\u00a0\u00bb use_row_as_full_screen_section=\u00a0\u00bbno\u00a0\u00bb type=\u00a0\u00bbfull_width\u00a0\u00bb angled_section=\u00a0\u00bbno\u00a0\u00bb text_align=\u00a0\u00bbleft\u00a0\u00bb background_image=\u00a0\u00bb25814&Prime; background_image_as_pattern=\u00a0\u00bbwithout_pattern\u00a0\u00bb z_index=\u00a0\u00bb\u00a0\u00bb][vc_column][vc_empty_space height=\u00a0\u00bb700px\u00a0\u00bb][\/vc_column][\/vc_row][vc_row css_animation=\u00a0\u00bb\u00a0\u00bb row_type=\u00a0\u00bbrow\u00a0\u00bb use_row_as_full_screen_section=\u00a0\u00bbno\u00a0\u00bb type=\u00a0\u00bbgrid\u00a0\u00bb angled_section=\u00a0\u00bbno\u00a0\u00bb text_align=\u00a0\u00bbleft\u00a0\u00bb background_image_as_pattern=\u00a0\u00bbwithout_pattern\u00a0\u00bb z_index=\u00a0\u00bb\u00a0\u00bb][vc_column][vc_empty_space][vc_column_text] Rendez-vous au sommet du Pilate [\/vc_column_text][vc_separator type=\u00a0\u00bbsmall\u00a0\u00bb position=\u00a0\u00bbleft\u00a0\u00bb][vc_column_text]En septembre 2015, l\u2019h\u00f4tel Pilatus-Kulm a c\u00e9l\u00e9br\u00e9 son 125\u00e8me anniversaire: quelques mois apr\u00e8s la construction du chemin de fers&#8230;<\/p>\n","protected":false},"author":5,"featured_media":25018,"menu_order":0,"comment_status":"closed","ping_status":"closed","template":"","portfolio_category":[254],"portfolio_tag":[],"class_list":["post-25382","portfolio_page","type-portfolio_page","status-publish","has-post-thumbnail","hentry","portfolio_category-projekte-fr"],"yoast_head":"<!-- This site is optimized with the Yoast SEO plugin v27.0 - https:\/\/yoast.com\/product\/yoast-seo-wordpress\/ -->\n<title>Rendez-vous au sommet du Pilate - Starlight Events GmbH<\/title>\n<meta name=\"robots\" content=\"index, follow, max-snippet:-1, max-image-preview:large, max-video-preview:-1\" \/>\n<link rel=\"canonical\" href=\"https:\/\/www.starlightevents.ch\/fr\/portfolio_page\/rendez-vous-au-sommet-du-pilate\/\" \/>\n<meta property=\"og:locale\" content=\"fr_FR\" \/>\n<meta property=\"og:type\" content=\"article\" \/>\n<meta property=\"og:title\" content=\"Rendez-vous au sommet du Pilate - Starlight Events GmbH\" \/>\n<meta property=\"og:description\" content=\"[vc_row css_animation=\u00a0\u00bb\u00a0\u00bb row_type=\u00a0\u00bbrow\u00a0\u00bb use_row_as_full_screen_section=\u00a0\u00bbno\u00a0\u00bb type=\u00a0\u00bbfull_width\u00a0\u00bb angled_section=\u00a0\u00bbno\u00a0\u00bb text_align=\u00a0\u00bbleft\u00a0\u00bb background_image=\u00a0\u00bb25814&Prime; background_image_as_pattern=\u00a0\u00bbwithout_pattern\u00a0\u00bb z_index=\u00a0\u00bb\u00a0\u00bb][vc_column][vc_empty_space height=\u00a0\u00bb700px\u00a0\u00bb][\/vc_column][\/vc_row][vc_row css_animation=\u00a0\u00bb\u00a0\u00bb row_type=\u00a0\u00bbrow\u00a0\u00bb use_row_as_full_screen_section=\u00a0\u00bbno\u00a0\u00bb type=\u00a0\u00bbgrid\u00a0\u00bb angled_section=\u00a0\u00bbno\u00a0\u00bb text_align=\u00a0\u00bbleft\u00a0\u00bb background_image_as_pattern=\u00a0\u00bbwithout_pattern\u00a0\u00bb z_index=\u00a0\u00bb\u00a0\u00bb][vc_column][vc_empty_space][vc_column_text] Rendez-vous au sommet du Pilate [\/vc_column_text][vc_separator type=\u00a0\u00bbsmall\u00a0\u00bb position=\u00a0\u00bbleft\u00a0\u00bb][vc_column_text]En septembre 2015, l\u2019h\u00f4tel Pilatus-Kulm a c\u00e9l\u00e9br\u00e9 son 125\u00e8me anniversaire: quelques mois apr\u00e8s la construction du chemin de fers...\" \/>\n<meta property=\"og:url\" content=\"https:\/\/www.starlightevents.ch\/fr\/portfolio_page\/rendez-vous-au-sommet-du-pilate\/\" \/>\n<meta property=\"og:site_name\" content=\"Starlight Events GmbH\" \/>\n<meta property=\"article:modified_time\" content=\"2018-07-11T15:52:54+00:00\" \/>\n<meta property=\"og:image\" content=\"https:\/\/www.starlightevents.ch\/wp-content\/uploads\/2018\/04\/img_projekt_pilatus_01.jpg\" \/>\n\t<meta property=\"og:image:width\" content=\"1200\" \/>\n\t<meta property=\"og:image:height\" content=\"800\" \/>\n\t<meta property=\"og:image:type\" content=\"image\/jpeg\" \/>\n<meta name=\"twitter:card\" content=\"summary_large_image\" \/>\n<meta name=\"twitter:label1\" content=\"Dur\u00e9e de lecture estim\u00e9e\" \/>\n\t<meta name=\"twitter:data1\" content=\"2 minutes\" \/>\n<script type=\"application\/ld+json\" class=\"yoast-schema-graph\">{\"@context\":\"https:\/\/schema.org\",\"@graph\":[{\"@type\":\"WebPage\",\"@id\":\"https:\/\/www.starlightevents.ch\/fr\/portfolio_page\/rendez-vous-au-sommet-du-pilate\/\",\"url\":\"https:\/\/www.starlightevents.ch\/fr\/portfolio_page\/rendez-vous-au-sommet-du-pilate\/\",\"name\":\"Rendez-vous au sommet du Pilate - Starlight Events GmbH\",\"isPartOf\":{\"@id\":\"https:\/\/www.starlightevents.ch\/#website\"},\"primaryImageOfPage\":{\"@id\":\"https:\/\/www.starlightevents.ch\/fr\/portfolio_page\/rendez-vous-au-sommet-du-pilate\/#primaryimage\"},\"image\":{\"@id\":\"https:\/\/www.starlightevents.ch\/fr\/portfolio_page\/rendez-vous-au-sommet-du-pilate\/#primaryimage\"},\"thumbnailUrl\":\"https:\/\/www.starlightevents.ch\/wp-content\/uploads\/2018\/04\/img_projekt_pilatus_01.jpg\",\"datePublished\":\"2015-01-12T19:38:30+00:00\",\"dateModified\":\"2018-07-11T15:52:54+00:00\",\"breadcrumb\":{\"@id\":\"https:\/\/www.starlightevents.ch\/fr\/portfolio_page\/rendez-vous-au-sommet-du-pilate\/#breadcrumb\"},\"inLanguage\":\"fr-FR\",\"potentialAction\":[{\"@type\":\"ReadAction\",\"target\":[\"https:\/\/www.starlightevents.ch\/fr\/portfolio_page\/rendez-vous-au-sommet-du-pilate\/\"]}]},{\"@type\":\"ImageObject\",\"inLanguage\":\"fr-FR\",\"@id\":\"https:\/\/www.starlightevents.ch\/fr\/portfolio_page\/rendez-vous-au-sommet-du-pilate\/#primaryimage\",\"url\":\"https:\/\/www.starlightevents.ch\/wp-content\/uploads\/2018\/04\/img_projekt_pilatus_01.jpg\",\"contentUrl\":\"https:\/\/www.starlightevents.ch\/wp-content\/uploads\/2018\/04\/img_projekt_pilatus_01.jpg\",\"width\":1200,\"height\":800,\"caption\":\"Illumination of Pilatus\"},{\"@type\":\"BreadcrumbList\",\"@id\":\"https:\/\/www.starlightevents.ch\/fr\/portfolio_page\/rendez-vous-au-sommet-du-pilate\/#breadcrumb\",\"itemListElement\":[{\"@type\":\"ListItem\",\"position\":1,\"name\":\"Startseite\",\"item\":\"https:\/\/www.starlightevents.ch\/fr\/\"},{\"@type\":\"ListItem\",\"position\":2,\"name\":\"Portfolio\",\"item\":\"https:\/\/www.starlightevents.ch\/fr\/portfolio_page\/\"},{\"@type\":\"ListItem\",\"position\":3,\"name\":\"Rendez-vous au sommet du Pilate\"}]},{\"@type\":\"WebSite\",\"@id\":\"https:\/\/www.starlightevents.ch\/#website\",\"url\":\"https:\/\/www.starlightevents.ch\/\",\"name\":\"Starlight Events GmbH\",\"description\":\"Realisation von Licht- und Tonspektakel\",\"potentialAction\":[{\"@type\":\"SearchAction\",\"target\":{\"@type\":\"EntryPoint\",\"urlTemplate\":\"https:\/\/www.starlightevents.ch\/?s={search_term_string}\"},\"query-input\":{\"@type\":\"PropertyValueSpecification\",\"valueRequired\":true,\"valueName\":\"search_term_string\"}}],\"inLanguage\":\"fr-FR\"}]}<\/script>\n<!-- \/ Yoast SEO plugin. -->","yoast_head_json":{"title":"Rendez-vous au sommet du Pilate - Starlight Events GmbH","robots":{"index":"index","follow":"follow","max-snippet":"max-snippet:-1","max-image-preview":"max-image-preview:large","max-video-preview":"max-video-preview:-1"},"canonical":"https:\/\/www.starlightevents.ch\/fr\/portfolio_page\/rendez-vous-au-sommet-du-pilate\/","og_locale":"fr_FR","og_type":"article","og_title":"Rendez-vous au sommet du Pilate - Starlight Events GmbH","og_description":"[vc_row css_animation=\u00a0\u00bb\u00a0\u00bb row_type=\u00a0\u00bbrow\u00a0\u00bb use_row_as_full_screen_section=\u00a0\u00bbno\u00a0\u00bb type=\u00a0\u00bbfull_width\u00a0\u00bb angled_section=\u00a0\u00bbno\u00a0\u00bb text_align=\u00a0\u00bbleft\u00a0\u00bb background_image=\u00a0\u00bb25814&Prime; background_image_as_pattern=\u00a0\u00bbwithout_pattern\u00a0\u00bb z_index=\u00a0\u00bb\u00a0\u00bb][vc_column][vc_empty_space height=\u00a0\u00bb700px\u00a0\u00bb][\/vc_column][\/vc_row][vc_row css_animation=\u00a0\u00bb\u00a0\u00bb row_type=\u00a0\u00bbrow\u00a0\u00bb use_row_as_full_screen_section=\u00a0\u00bbno\u00a0\u00bb type=\u00a0\u00bbgrid\u00a0\u00bb angled_section=\u00a0\u00bbno\u00a0\u00bb text_align=\u00a0\u00bbleft\u00a0\u00bb background_image_as_pattern=\u00a0\u00bbwithout_pattern\u00a0\u00bb z_index=\u00a0\u00bb\u00a0\u00bb][vc_column][vc_empty_space][vc_column_text] Rendez-vous au sommet du Pilate [\/vc_column_text][vc_separator type=\u00a0\u00bbsmall\u00a0\u00bb position=\u00a0\u00bbleft\u00a0\u00bb][vc_column_text]En septembre 2015, l\u2019h\u00f4tel Pilatus-Kulm a c\u00e9l\u00e9br\u00e9 son 125\u00e8me anniversaire: quelques mois apr\u00e8s la construction du chemin de fers...","og_url":"https:\/\/www.starlightevents.ch\/fr\/portfolio_page\/rendez-vous-au-sommet-du-pilate\/","og_site_name":"Starlight Events GmbH","article_modified_time":"2018-07-11T15:52:54+00:00","og_image":[{"width":1200,"height":800,"url":"https:\/\/www.starlightevents.ch\/wp-content\/uploads\/2018\/04\/img_projekt_pilatus_01.jpg","type":"image\/jpeg"}],"twitter_card":"summary_large_image","twitter_misc":{"Dur\u00e9e de lecture estim\u00e9e":"2 minutes"},"schema":{"@context":"https:\/\/schema.org","@graph":[{"@type":"WebPage","@id":"https:\/\/www.starlightevents.ch\/fr\/portfolio_page\/rendez-vous-au-sommet-du-pilate\/","url":"https:\/\/www.starlightevents.ch\/fr\/portfolio_page\/rendez-vous-au-sommet-du-pilate\/","name":"Rendez-vous au sommet du Pilate - Starlight Events GmbH","isPartOf":{"@id":"https:\/\/www.starlightevents.ch\/#website"},"primaryImageOfPage":{"@id":"https:\/\/www.starlightevents.ch\/fr\/portfolio_page\/rendez-vous-au-sommet-du-pilate\/#primaryimage"},"image":{"@id":"https:\/\/www.starlightevents.ch\/fr\/portfolio_page\/rendez-vous-au-sommet-du-pilate\/#primaryimage"},"thumbnailUrl":"https:\/\/www.starlightevents.ch\/wp-content\/uploads\/2018\/04\/img_projekt_pilatus_01.jpg","datePublished":"2015-01-12T19:38:30+00:00","dateModified":"2018-07-11T15:52:54+00:00","breadcrumb":{"@id":"https:\/\/www.starlightevents.ch\/fr\/portfolio_page\/rendez-vous-au-sommet-du-pilate\/#breadcrumb"},"inLanguage":"fr-FR","potentialAction":[{"@type":"ReadAction","target":["https:\/\/www.starlightevents.ch\/fr\/portfolio_page\/rendez-vous-au-sommet-du-pilate\/"]}]},{"@type":"ImageObject","inLanguage":"fr-FR","@id":"https:\/\/www.starlightevents.ch\/fr\/portfolio_page\/rendez-vous-au-sommet-du-pilate\/#primaryimage","url":"https:\/\/www.starlightevents.ch\/wp-content\/uploads\/2018\/04\/img_projekt_pilatus_01.jpg","contentUrl":"https:\/\/www.starlightevents.ch\/wp-content\/uploads\/2018\/04\/img_projekt_pilatus_01.jpg","width":1200,"height":800,"caption":"Illumination of Pilatus"},{"@type":"BreadcrumbList","@id":"https:\/\/www.starlightevents.ch\/fr\/portfolio_page\/rendez-vous-au-sommet-du-pilate\/#breadcrumb","itemListElement":[{"@type":"ListItem","position":1,"name":"Startseite","item":"https:\/\/www.starlightevents.ch\/fr\/"},{"@type":"ListItem","position":2,"name":"Portfolio","item":"https:\/\/www.starlightevents.ch\/fr\/portfolio_page\/"},{"@type":"ListItem","position":3,"name":"Rendez-vous au sommet du Pilate"}]},{"@type":"WebSite","@id":"https:\/\/www.starlightevents.ch\/#website","url":"https:\/\/www.starlightevents.ch\/","name":"Starlight Events GmbH","description":"Realisation von Licht- und Tonspektakel","potentialAction":[{"@type":"SearchAction","target":{"@type":"EntryPoint","urlTemplate":"https:\/\/www.starlightevents.ch\/?s={search_term_string}"},"query-input":{"@type":"PropertyValueSpecification","valueRequired":true,"valueName":"search_term_string"}}],"inLanguage":"fr-FR"}]}},"_links":{"self":[{"href":"https:\/\/www.starlightevents.ch\/fr\/wp-json\/wp\/v2\/portfolio_page\/25382","targetHints":{"allow":["GET"]}}],"collection":[{"href":"https:\/\/www.starlightevents.ch\/fr\/wp-json\/wp\/v2\/portfolio_page"}],"about":[{"href":"https:\/\/www.starlightevents.ch\/fr\/wp-json\/wp\/v2\/types\/portfolio_page"}],"author":[{"embeddable":true,"href":"https:\/\/www.starlightevents.ch\/fr\/wp-json\/wp\/v2\/users\/5"}],"replies":[{"embeddable":true,"href":"https:\/\/www.starlightevents.ch\/fr\/wp-json\/wp\/v2\/comments?post=25382"}],"wp:featuredmedia":[{"embeddable":true,"href":"https:\/\/www.starlightevents.ch\/fr\/wp-json\/wp\/v2\/media\/25018"}],"wp:attachment":[{"href":"https:\/\/www.starlightevents.ch\/fr\/wp-json\/wp\/v2\/media?parent=25382"}],"wp:term":[{"taxonomy":"portfolio_category","embeddable":true,"href":"https:\/\/www.starlightevents.ch\/fr\/wp-json\/wp\/v2\/portfolio_category?post=25382"},{"taxonomy":"portfolio_tag","embeddable":true,"href":"https:\/\/www.starlightevents.ch\/fr\/wp-json\/wp\/v2\/portfolio_tag?post=25382"}],"curies":[{"name":"wp","href":"https:\/\/api.w.org\/{rel}","templated":true}]}}