{"id":25389,"date":"2016-04-19T17:35:57","date_gmt":"2016-04-19T15:35:57","guid":{"rendered":"http:\/\/relaunch.starlightevents.ch\/portfolio_page\/rendez-vous-bundesplatz-bern-2016\/"},"modified":"2018-07-11T17:52:49","modified_gmt":"2018-07-11T15:52:49","slug":"rendez-vous-bundesplatz-bern-2016","status":"publish","type":"portfolio_page","link":"https:\/\/www.starlightevents.ch\/fr\/portfolio_page\/rendez-vous-bundesplatz-bern-2016\/","title":{"rendered":"Rendez-vous Bundesplatz Bern 2016"},"content":{"rendered":"<div class=\"wpb-content-wrapper\"><p>[vc_row css_animation=\u00a0\u00bb\u00a0\u00bb row_type=\u00a0\u00bbrow\u00a0\u00bb use_row_as_full_screen_section=\u00a0\u00bbno\u00a0\u00bb type=\u00a0\u00bbfull_width\u00a0\u00bb angled_section=\u00a0\u00bbno\u00a0\u00bb text_align=\u00a0\u00bbleft\u00a0\u00bb background_image=\u00a0\u00bb25802&Prime; background_image_as_pattern=\u00a0\u00bbwithout_pattern\u00a0\u00bb z_index=\u00a0\u00bb\u00a0\u00bb][vc_column][vc_empty_space height=\u00a0\u00bb700px\u00a0\u00bb][\/vc_column][\/vc_row][vc_row css_animation=\u00a0\u00bb\u00a0\u00bb row_type=\u00a0\u00bbrow\u00a0\u00bb use_row_as_full_screen_section=\u00a0\u00bbno\u00a0\u00bb type=\u00a0\u00bbgrid\u00a0\u00bb angled_section=\u00a0\u00bbno\u00a0\u00bb text_align=\u00a0\u00bbleft\u00a0\u00bb background_image_as_pattern=\u00a0\u00bbwithout_pattern\u00a0\u00bb z_index=\u00a0\u00bb\u00a0\u00bb][vc_column][vc_empty_space height=\u00a0\u00bb64px\u00a0\u00bb][vc_column_text]<\/p>\n<h2>Rendez-vous Bundesplatz Bern 2016<\/h2>\n<p>[\/vc_column_text][vc_separator type=\u00a0\u00bbsmall\u00a0\u00bb position=\u00a0\u00bbleft\u00a0\u00bb][vc_column_text]<\/p>\n<h3>\u00abTutti Fratelli\u00bb<\/h3>\n<p><strong>En 2016, le fabuleux spectacle son et lumi\u00e8re de Starlight Events est\u00a0consacr\u00e9 \u00e0 la Croix-Rouge suisse (CRS), \u00e0 son histoire et \u00e0 ses valeurs, \u00e0 l\u2019occasion de son 150e anniversaire.<\/strong><\/p>\n<p>La Croix-Rouge et la croix blanche sont \u00e9troitement li\u00e9es: la CRS est embl\u00e9matique de la Suisse. Tout ce qu\u2019incarne la Croix-Rouge suisse et tout ce qu\u2019elle accomplit dans le pays comme \u00e0 l\u2019\u00e9tranger compte parmi les valeurs fondamentales de la Suisse.<\/p>\n<p>2016\u00a0la CRS c\u00e9l\u00e8bre son 150e anniversaire \u2013 et tout le pays est de la f\u00eate. Comme chaque soir, en plein c\u0153ur de la ville f\u00e9d\u00e9rale, pour deux repr\u00e9sentations \u00e0 19\u00a0h et 20\u00a0h\u00a030. Nouveau:\u00a0Jeudi, vendredi et\u00a0samedi spectacles suppl\u00e9mentaires \u00e0 21 h 30.<\/p>\n<p>Pour sa sixi\u00e8me \u00e9dition, Rendez-vous Bundesplatz se tourne vers l\u2019histoire si riche de la CRS\u00a0\u2013\u00a0et donc \u00e9videmment vers les aspects majeurs de notre histoire nationale. En projetant des images touchantes et \u00e9mouvantes sur la fa\u00e7ade du Palais f\u00e9d\u00e9ral, c\u2019est aussi l\u2019envers du d\u00e9cor que nous pourrons d\u00e9couvrir.<\/p>\n<p>Une fois de plus c\u2019est une production suisse: Starlight Events travaille de nouveau en collaboration avec le collectif d\u2019artistes zurichois \u00ab Projektil \u00bb et le partenaire technique \u00ab Auviso \u00bb de Kriens.<\/p>\n<p><a href=\"http:\/\/www.rendezvousbundesplatz.ch\/fr\/bienvenu\/\" target=\"_blank\" rel=\"noopener\">Plus d\u2019informations sur le site du projet<\/a>[\/vc_column_text][vc_empty_space][\/vc_column][\/vc_row][vc_row css_animation=\u00a0\u00bb\u00a0\u00bb row_type=\u00a0\u00bbrow\u00a0\u00bb use_row_as_full_screen_section=\u00a0\u00bbno\u00a0\u00bb type=\u00a0\u00bbgrid\u00a0\u00bb angled_section=\u00a0\u00bbno\u00a0\u00bb text_align=\u00a0\u00bbleft\u00a0\u00bb background_image_as_pattern=\u00a0\u00bbwithout_pattern\u00a0\u00bb z_index=\u00a0\u00bb\u00a0\u00bb][vc_column]<div class=\"qode-advanced-image-gallery  qode-aig-grid-type qode-normal-space  qode-image-behavior-lightbox \">\n\t<div class=\"qode-aig-inner qode-outer-space qode-aig-grid qode-aig-four-columns\">\n\t\t\t\t\t<div class=\"qode-aig-image qode-item-space\">\n\t\t\t\t<div class=\"qode-aig-image-inner\">\n\t\t\t\t\t\t\t\t\t\t\t<a itemprop=\"image\" class=\"qode-aig-lightbox\" href=\"\" data-rel=\"prettyPhoto[image_gallery_pretty_photo-800]\" title=\"Rendez-vous Bundesplatz Bern 2016\">\n\t\t\t\t\t\t\t\t\t\t\t\t\t\t\t\t\t<span class=\"aig-gallery-hover\">\n\t\t\t\t\t\t\t\t\t\t\t\t\t<\/span>\n\t\t\t\t\t\t\t\t\t\t\t<\/a>\n\t\t\t\t\t\t\t\t\t<\/div>\n\t\t\t<\/div>\n\t\t\t\t\t\t\t\t<div class=\"qode-aig-image qode-item-space\">\n\t\t\t\t<div class=\"qode-aig-image-inner\">\n\t\t\t\t\t\t\t\t\t\t\t<a itemprop=\"image\" class=\"qode-aig-lightbox\" href=\"\" data-rel=\"prettyPhoto[image_gallery_pretty_photo-800]\" title=\"Rendez-vous Bundesplatz Bern 2016\">\n\t\t\t\t\t\t\t\t\t\t\t\t\t\t\t\t\t<span class=\"aig-gallery-hover\">\n\t\t\t\t\t\t\t\t\t\t\t\t\t<\/span>\n\t\t\t\t\t\t\t\t\t\t\t<\/a>\n\t\t\t\t\t\t\t\t\t<\/div>\n\t\t\t<\/div>\n\t\t\t\t\t\t\t\t<div class=\"qode-aig-image qode-item-space\">\n\t\t\t\t<div class=\"qode-aig-image-inner\">\n\t\t\t\t\t\t\t\t\t\t\t<a itemprop=\"image\" class=\"qode-aig-lightbox\" href=\"\" data-rel=\"prettyPhoto[image_gallery_pretty_photo-800]\" title=\"Rendez-vous Bundesplatz Bern 2016\">\n\t\t\t\t\t\t\t\t\t\t\t\t\t\t\t\t\t<span class=\"aig-gallery-hover\">\n\t\t\t\t\t\t\t\t\t\t\t\t\t<\/span>\n\t\t\t\t\t\t\t\t\t\t\t<\/a>\n\t\t\t\t\t\t\t\t\t<\/div>\n\t\t\t<\/div>\n\t\t\t\t\t\t\t\t<div class=\"qode-aig-image qode-item-space\">\n\t\t\t\t<div class=\"qode-aig-image-inner\">\n\t\t\t\t\t\t\t\t\t\t\t<a itemprop=\"image\" class=\"qode-aig-lightbox\" href=\"\" data-rel=\"prettyPhoto[image_gallery_pretty_photo-800]\" title=\"Rendez-vous Bundesplatz Bern 2016\">\n\t\t\t\t\t\t\t\t\t\t\t\t\t\t\t\t\t<span class=\"aig-gallery-hover\">\n\t\t\t\t\t\t\t\t\t\t\t\t\t<\/span>\n\t\t\t\t\t\t\t\t\t\t\t<\/a>\n\t\t\t\t\t\t\t\t\t<\/div>\n\t\t\t<\/div>\n\t\t\t\t\t\t\t\t<div class=\"qode-aig-image qode-item-space\">\n\t\t\t\t<div class=\"qode-aig-image-inner\">\n\t\t\t\t\t\t\t\t\t\t\t<a itemprop=\"image\" class=\"qode-aig-lightbox\" href=\"\" data-rel=\"prettyPhoto[image_gallery_pretty_photo-800]\" title=\"Rendez-vous Bundesplatz Bern 2016\">\n\t\t\t\t\t\t\t\t\t\t\t\t\t\t\t\t\t<span class=\"aig-gallery-hover\">\n\t\t\t\t\t\t\t\t\t\t\t\t\t<\/span>\n\t\t\t\t\t\t\t\t\t\t\t<\/a>\n\t\t\t\t\t\t\t\t\t<\/div>\n\t\t\t<\/div>\n\t\t\t\t\t\t\t\t<div class=\"qode-aig-image qode-item-space\">\n\t\t\t\t<div class=\"qode-aig-image-inner\">\n\t\t\t\t\t\t\t\t\t\t\t<a itemprop=\"image\" class=\"qode-aig-lightbox\" href=\"\" data-rel=\"prettyPhoto[image_gallery_pretty_photo-800]\" title=\"Rendez-vous Bundesplatz Bern 2016\">\n\t\t\t\t\t\t\t\t\t\t\t\t\t\t\t\t\t<span class=\"aig-gallery-hover\">\n\t\t\t\t\t\t\t\t\t\t\t\t\t<\/span>\n\t\t\t\t\t\t\t\t\t\t\t<\/a>\n\t\t\t\t\t\t\t\t\t<\/div>\n\t\t\t<\/div>\n\t\t\t\t\t\t\t\t<div class=\"qode-aig-image qode-item-space\">\n\t\t\t\t<div class=\"qode-aig-image-inner\">\n\t\t\t\t\t\t\t\t\t\t\t<a itemprop=\"image\" class=\"qode-aig-lightbox\" href=\"\" data-rel=\"prettyPhoto[image_gallery_pretty_photo-800]\" title=\"Rendez-vous Bundesplatz Bern 2016\">\n\t\t\t\t\t\t\t\t\t\t\t\t\t\t\t\t\t<span class=\"aig-gallery-hover\">\n\t\t\t\t\t\t\t\t\t\t\t\t\t<\/span>\n\t\t\t\t\t\t\t\t\t\t\t<\/a>\n\t\t\t\t\t\t\t\t\t<\/div>\n\t\t\t<\/div>\n\t\t\t\t\t\t\t\t<div class=\"qode-aig-image qode-item-space\">\n\t\t\t\t<div class=\"qode-aig-image-inner\">\n\t\t\t\t\t\t\t\t\t\t\t<a itemprop=\"image\" class=\"qode-aig-lightbox\" href=\"https:\/\/www.starlightevents.ch\/wp-content\/uploads\/2018\/05\/img_projekt_rvb16_2100x1400_8.jpg\" data-rel=\"prettyPhoto[image_gallery_pretty_photo-800]\" title=\"img_projekt_rvb16_2100x1400_8\">\n\t\t\t\t\t\t\t\t\t\t\t<img loading=\"lazy\" decoding=\"async\" width=\"2100\" height=\"1400\" src=\"https:\/\/www.starlightevents.ch\/wp-content\/uploads\/2018\/05\/img_projekt_rvb16_2100x1400_8.jpg\" class=\"attachment-full size-full\" alt=\"\" srcset=\"https:\/\/www.starlightevents.ch\/wp-content\/uploads\/2018\/05\/img_projekt_rvb16_2100x1400_8.jpg 2100w, https:\/\/www.starlightevents.ch\/wp-content\/uploads\/2018\/05\/img_projekt_rvb16_2100x1400_8-300x200.jpg 300w, https:\/\/www.starlightevents.ch\/wp-content\/uploads\/2018\/05\/img_projekt_rvb16_2100x1400_8-768x512.jpg 768w, https:\/\/www.starlightevents.ch\/wp-content\/uploads\/2018\/05\/img_projekt_rvb16_2100x1400_8-1024x683.jpg 1024w, https:\/\/www.starlightevents.ch\/wp-content\/uploads\/2018\/05\/img_projekt_rvb16_2100x1400_8-700x467.jpg 700w\" sizes=\"auto, (max-width: 2100px) 100vw, 2100px\" \/>\t\t\t\t\t\t<span class=\"aig-gallery-hover\">\n\t\t\t\t\t\t\t\t\t\t\t\t\t<\/span>\n\t\t\t\t\t\t\t\t\t\t\t<\/a>\n\t\t\t\t\t\t\t\t\t<\/div>\n\t\t\t<\/div>\n\t\t\t\t\t\t<\/div>\n<\/div>[vc_empty_space][\/vc_column][\/vc_row][vc_row css_animation=\u00a0\u00bb\u00a0\u00bb row_type=\u00a0\u00bbrow\u00a0\u00bb use_row_as_full_screen_section=\u00a0\u00bbno\u00a0\u00bb type=\u00a0\u00bbgrid\u00a0\u00bb angled_section=\u00a0\u00bbno\u00a0\u00bb text_align=\u00a0\u00bbleft\u00a0\u00bb background_image_as_pattern=\u00a0\u00bbwithout_pattern\u00a0\u00bb z_index=\u00a0\u00bb\u00a0\u00bb][vc_column][vc_column_text]<\/p>\n<h2>Trailer<\/h2>\n<p>[\/vc_column_text][vc_empty_space][vc_column_text]<div class=\"epyt-video-wrapper\"><iframe loading=\"lazy\"  id=\"_ytid_82642\"  width=\"1060\" height=\"596\"  data-origwidth=\"1060\" data-origheight=\"596\"  data-relstop=\"1\" src=\"https:\/\/www.youtube.com\/embed\/KgNqkyqUj-8?enablejsapi=1&autoplay=0&cc_load_policy=0&cc_lang_pref=&iv_load_policy=3&loop=0&rel=0&fs=1&playsinline=0&autohide=2&theme=dark&color=red&controls=1&disablekb=0&\" class=\"__youtube_prefs__  no-lazyload\" title=\"YouTube player\"  allow=\"fullscreen; accelerometer; autoplay; clipboard-write; encrypted-media; gyroscope; picture-in-picture; web-share\" referrerpolicy=\"strict-origin-when-cross-origin\" allowfullscreen data-no-lazy=\"1\" data-skipgform_ajax_framebjll=\"\"><\/iframe><\/div>[\/vc_column_text][vc_empty_space height=\u00a0\u00bb64px\u00a0\u00bb][\/vc_column][\/vc_row]<\/p>\n<\/div>","protected":false},"excerpt":{"rendered":"<p>[vc_row css_animation=\u00a0\u00bb\u00a0\u00bb row_type=\u00a0\u00bbrow\u00a0\u00bb use_row_as_full_screen_section=\u00a0\u00bbno\u00a0\u00bb type=\u00a0\u00bbfull_width\u00a0\u00bb angled_section=\u00a0\u00bbno\u00a0\u00bb text_align=\u00a0\u00bbleft\u00a0\u00bb background_image=\u00a0\u00bb25802&Prime; background_image_as_pattern=\u00a0\u00bbwithout_pattern\u00a0\u00bb z_index=\u00a0\u00bb\u00a0\u00bb][vc_column][vc_empty_space height=\u00a0\u00bb700px\u00a0\u00bb][\/vc_column][\/vc_row][vc_row css_animation=\u00a0\u00bb\u00a0\u00bb row_type=\u00a0\u00bbrow\u00a0\u00bb use_row_as_full_screen_section=\u00a0\u00bbno\u00a0\u00bb type=\u00a0\u00bbgrid\u00a0\u00bb angled_section=\u00a0\u00bbno\u00a0\u00bb text_align=\u00a0\u00bbleft\u00a0\u00bb background_image_as_pattern=\u00a0\u00bbwithout_pattern\u00a0\u00bb z_index=\u00a0\u00bb\u00a0\u00bb][vc_column][vc_empty_space height=\u00a0\u00bb64px\u00a0\u00bb][vc_column_text] Rendez-vous Bundesplatz Bern 2016 [\/vc_column_text][vc_separator type=\u00a0\u00bbsmall\u00a0\u00bb position=\u00a0\u00bbleft\u00a0\u00bb][vc_column_text] \u00abTutti Fratelli\u00bb En 2016, le fabuleux spectacle son et lumi\u00e8re de Starlight Events est\u00a0consacr\u00e9 \u00e0 la Croix-Rouge suisse&#8230;<\/p>\n","protected":false},"author":5,"featured_media":25994,"menu_order":0,"comment_status":"closed","ping_status":"closed","template":"","portfolio_category":[254],"portfolio_tag":[],"class_list":["post-25389","portfolio_page","type-portfolio_page","status-publish","has-post-thumbnail","hentry","portfolio_category-projekte-fr"],"yoast_head":"<!-- This site is optimized with the Yoast SEO plugin v27.0 - https:\/\/yoast.com\/product\/yoast-seo-wordpress\/ -->\n<title>Rendez-vous Bundesplatz Bern 2016 - Starlight Events GmbH<\/title>\n<meta name=\"robots\" content=\"index, follow, max-snippet:-1, max-image-preview:large, max-video-preview:-1\" \/>\n<link rel=\"canonical\" href=\"https:\/\/www.starlightevents.ch\/fr\/portfolio_page\/rendez-vous-bundesplatz-bern-2016\/\" \/>\n<meta property=\"og:locale\" content=\"fr_FR\" \/>\n<meta property=\"og:type\" content=\"article\" \/>\n<meta property=\"og:title\" content=\"Rendez-vous Bundesplatz Bern 2016 - Starlight Events GmbH\" \/>\n<meta property=\"og:description\" content=\"[vc_row css_animation=\u00a0\u00bb\u00a0\u00bb row_type=\u00a0\u00bbrow\u00a0\u00bb use_row_as_full_screen_section=\u00a0\u00bbno\u00a0\u00bb type=\u00a0\u00bbfull_width\u00a0\u00bb angled_section=\u00a0\u00bbno\u00a0\u00bb text_align=\u00a0\u00bbleft\u00a0\u00bb background_image=\u00a0\u00bb25802&Prime; background_image_as_pattern=\u00a0\u00bbwithout_pattern\u00a0\u00bb z_index=\u00a0\u00bb\u00a0\u00bb][vc_column][vc_empty_space height=\u00a0\u00bb700px\u00a0\u00bb][\/vc_column][\/vc_row][vc_row css_animation=\u00a0\u00bb\u00a0\u00bb row_type=\u00a0\u00bbrow\u00a0\u00bb use_row_as_full_screen_section=\u00a0\u00bbno\u00a0\u00bb type=\u00a0\u00bbgrid\u00a0\u00bb angled_section=\u00a0\u00bbno\u00a0\u00bb text_align=\u00a0\u00bbleft\u00a0\u00bb background_image_as_pattern=\u00a0\u00bbwithout_pattern\u00a0\u00bb z_index=\u00a0\u00bb\u00a0\u00bb][vc_column][vc_empty_space height=\u00a0\u00bb64px\u00a0\u00bb][vc_column_text] Rendez-vous Bundesplatz Bern 2016 [\/vc_column_text][vc_separator type=\u00a0\u00bbsmall\u00a0\u00bb position=\u00a0\u00bbleft\u00a0\u00bb][vc_column_text] \u00abTutti Fratelli\u00bb En 2016, le fabuleux spectacle son et lumi\u00e8re de Starlight Events est\u00a0consacr\u00e9 \u00e0 la Croix-Rouge suisse...\" \/>\n<meta property=\"og:url\" content=\"https:\/\/www.starlightevents.ch\/fr\/portfolio_page\/rendez-vous-bundesplatz-bern-2016\/\" \/>\n<meta property=\"og:site_name\" content=\"Starlight Events GmbH\" \/>\n<meta property=\"article:modified_time\" content=\"2018-07-11T15:52:49+00:00\" \/>\n<meta property=\"og:image\" content=\"https:\/\/www.starlightevents.ch\/wp-content\/uploads\/2018\/05\/img_projekt_rvb16_2100x1400_8.jpg\" \/>\n\t<meta property=\"og:image:width\" content=\"2100\" \/>\n\t<meta property=\"og:image:height\" content=\"1400\" \/>\n\t<meta property=\"og:image:type\" content=\"image\/jpeg\" \/>\n<meta name=\"twitter:card\" content=\"summary_large_image\" \/>\n<meta name=\"twitter:label1\" content=\"Dur\u00e9e de lecture estim\u00e9e\" \/>\n\t<meta name=\"twitter:data1\" content=\"2 minutes\" \/>\n<script type=\"application\/ld+json\" class=\"yoast-schema-graph\">{\"@context\":\"https:\/\/schema.org\",\"@graph\":[{\"@type\":\"WebPage\",\"@id\":\"https:\/\/www.starlightevents.ch\/fr\/portfolio_page\/rendez-vous-bundesplatz-bern-2016\/\",\"url\":\"https:\/\/www.starlightevents.ch\/fr\/portfolio_page\/rendez-vous-bundesplatz-bern-2016\/\",\"name\":\"Rendez-vous Bundesplatz Bern 2016 - Starlight Events GmbH\",\"isPartOf\":{\"@id\":\"https:\/\/www.starlightevents.ch\/#website\"},\"primaryImageOfPage\":{\"@id\":\"https:\/\/www.starlightevents.ch\/fr\/portfolio_page\/rendez-vous-bundesplatz-bern-2016\/#primaryimage\"},\"image\":{\"@id\":\"https:\/\/www.starlightevents.ch\/fr\/portfolio_page\/rendez-vous-bundesplatz-bern-2016\/#primaryimage\"},\"thumbnailUrl\":\"https:\/\/www.starlightevents.ch\/wp-content\/uploads\/2018\/05\/img_projekt_rvb16_2100x1400_8.jpg\",\"datePublished\":\"2016-04-19T15:35:57+00:00\",\"dateModified\":\"2018-07-11T15:52:49+00:00\",\"breadcrumb\":{\"@id\":\"https:\/\/www.starlightevents.ch\/fr\/portfolio_page\/rendez-vous-bundesplatz-bern-2016\/#breadcrumb\"},\"inLanguage\":\"fr-FR\",\"potentialAction\":[{\"@type\":\"ReadAction\",\"target\":[\"https:\/\/www.starlightevents.ch\/fr\/portfolio_page\/rendez-vous-bundesplatz-bern-2016\/\"]}]},{\"@type\":\"ImageObject\",\"inLanguage\":\"fr-FR\",\"@id\":\"https:\/\/www.starlightevents.ch\/fr\/portfolio_page\/rendez-vous-bundesplatz-bern-2016\/#primaryimage\",\"url\":\"https:\/\/www.starlightevents.ch\/wp-content\/uploads\/2018\/05\/img_projekt_rvb16_2100x1400_8.jpg\",\"contentUrl\":\"https:\/\/www.starlightevents.ch\/wp-content\/uploads\/2018\/05\/img_projekt_rvb16_2100x1400_8.jpg\",\"width\":2100,\"height\":1400},{\"@type\":\"BreadcrumbList\",\"@id\":\"https:\/\/www.starlightevents.ch\/fr\/portfolio_page\/rendez-vous-bundesplatz-bern-2016\/#breadcrumb\",\"itemListElement\":[{\"@type\":\"ListItem\",\"position\":1,\"name\":\"Startseite\",\"item\":\"https:\/\/www.starlightevents.ch\/fr\/\"},{\"@type\":\"ListItem\",\"position\":2,\"name\":\"Portfolio\",\"item\":\"https:\/\/www.starlightevents.ch\/fr\/portfolio_page\/\"},{\"@type\":\"ListItem\",\"position\":3,\"name\":\"Rendez-vous Bundesplatz Bern 2016\"}]},{\"@type\":\"WebSite\",\"@id\":\"https:\/\/www.starlightevents.ch\/#website\",\"url\":\"https:\/\/www.starlightevents.ch\/\",\"name\":\"Starlight Events GmbH\",\"description\":\"Realisation von Licht- und Tonspektakel\",\"potentialAction\":[{\"@type\":\"SearchAction\",\"target\":{\"@type\":\"EntryPoint\",\"urlTemplate\":\"https:\/\/www.starlightevents.ch\/?s={search_term_string}\"},\"query-input\":{\"@type\":\"PropertyValueSpecification\",\"valueRequired\":true,\"valueName\":\"search_term_string\"}}],\"inLanguage\":\"fr-FR\"}]}<\/script>\n<!-- \/ Yoast SEO plugin. -->","yoast_head_json":{"title":"Rendez-vous Bundesplatz Bern 2016 - Starlight Events GmbH","robots":{"index":"index","follow":"follow","max-snippet":"max-snippet:-1","max-image-preview":"max-image-preview:large","max-video-preview":"max-video-preview:-1"},"canonical":"https:\/\/www.starlightevents.ch\/fr\/portfolio_page\/rendez-vous-bundesplatz-bern-2016\/","og_locale":"fr_FR","og_type":"article","og_title":"Rendez-vous Bundesplatz Bern 2016 - Starlight Events GmbH","og_description":"[vc_row css_animation=\u00a0\u00bb\u00a0\u00bb row_type=\u00a0\u00bbrow\u00a0\u00bb use_row_as_full_screen_section=\u00a0\u00bbno\u00a0\u00bb type=\u00a0\u00bbfull_width\u00a0\u00bb angled_section=\u00a0\u00bbno\u00a0\u00bb text_align=\u00a0\u00bbleft\u00a0\u00bb background_image=\u00a0\u00bb25802&Prime; background_image_as_pattern=\u00a0\u00bbwithout_pattern\u00a0\u00bb z_index=\u00a0\u00bb\u00a0\u00bb][vc_column][vc_empty_space height=\u00a0\u00bb700px\u00a0\u00bb][\/vc_column][\/vc_row][vc_row css_animation=\u00a0\u00bb\u00a0\u00bb row_type=\u00a0\u00bbrow\u00a0\u00bb use_row_as_full_screen_section=\u00a0\u00bbno\u00a0\u00bb type=\u00a0\u00bbgrid\u00a0\u00bb angled_section=\u00a0\u00bbno\u00a0\u00bb text_align=\u00a0\u00bbleft\u00a0\u00bb background_image_as_pattern=\u00a0\u00bbwithout_pattern\u00a0\u00bb z_index=\u00a0\u00bb\u00a0\u00bb][vc_column][vc_empty_space height=\u00a0\u00bb64px\u00a0\u00bb][vc_column_text] Rendez-vous Bundesplatz Bern 2016 [\/vc_column_text][vc_separator type=\u00a0\u00bbsmall\u00a0\u00bb position=\u00a0\u00bbleft\u00a0\u00bb][vc_column_text] \u00abTutti Fratelli\u00bb En 2016, le fabuleux spectacle son et lumi\u00e8re de Starlight Events est\u00a0consacr\u00e9 \u00e0 la Croix-Rouge suisse...","og_url":"https:\/\/www.starlightevents.ch\/fr\/portfolio_page\/rendez-vous-bundesplatz-bern-2016\/","og_site_name":"Starlight Events GmbH","article_modified_time":"2018-07-11T15:52:49+00:00","og_image":[{"width":2100,"height":1400,"url":"https:\/\/www.starlightevents.ch\/wp-content\/uploads\/2018\/05\/img_projekt_rvb16_2100x1400_8.jpg","type":"image\/jpeg"}],"twitter_card":"summary_large_image","twitter_misc":{"Dur\u00e9e de lecture estim\u00e9e":"2 minutes"},"schema":{"@context":"https:\/\/schema.org","@graph":[{"@type":"WebPage","@id":"https:\/\/www.starlightevents.ch\/fr\/portfolio_page\/rendez-vous-bundesplatz-bern-2016\/","url":"https:\/\/www.starlightevents.ch\/fr\/portfolio_page\/rendez-vous-bundesplatz-bern-2016\/","name":"Rendez-vous Bundesplatz Bern 2016 - Starlight Events GmbH","isPartOf":{"@id":"https:\/\/www.starlightevents.ch\/#website"},"primaryImageOfPage":{"@id":"https:\/\/www.starlightevents.ch\/fr\/portfolio_page\/rendez-vous-bundesplatz-bern-2016\/#primaryimage"},"image":{"@id":"https:\/\/www.starlightevents.ch\/fr\/portfolio_page\/rendez-vous-bundesplatz-bern-2016\/#primaryimage"},"thumbnailUrl":"https:\/\/www.starlightevents.ch\/wp-content\/uploads\/2018\/05\/img_projekt_rvb16_2100x1400_8.jpg","datePublished":"2016-04-19T15:35:57+00:00","dateModified":"2018-07-11T15:52:49+00:00","breadcrumb":{"@id":"https:\/\/www.starlightevents.ch\/fr\/portfolio_page\/rendez-vous-bundesplatz-bern-2016\/#breadcrumb"},"inLanguage":"fr-FR","potentialAction":[{"@type":"ReadAction","target":["https:\/\/www.starlightevents.ch\/fr\/portfolio_page\/rendez-vous-bundesplatz-bern-2016\/"]}]},{"@type":"ImageObject","inLanguage":"fr-FR","@id":"https:\/\/www.starlightevents.ch\/fr\/portfolio_page\/rendez-vous-bundesplatz-bern-2016\/#primaryimage","url":"https:\/\/www.starlightevents.ch\/wp-content\/uploads\/2018\/05\/img_projekt_rvb16_2100x1400_8.jpg","contentUrl":"https:\/\/www.starlightevents.ch\/wp-content\/uploads\/2018\/05\/img_projekt_rvb16_2100x1400_8.jpg","width":2100,"height":1400},{"@type":"BreadcrumbList","@id":"https:\/\/www.starlightevents.ch\/fr\/portfolio_page\/rendez-vous-bundesplatz-bern-2016\/#breadcrumb","itemListElement":[{"@type":"ListItem","position":1,"name":"Startseite","item":"https:\/\/www.starlightevents.ch\/fr\/"},{"@type":"ListItem","position":2,"name":"Portfolio","item":"https:\/\/www.starlightevents.ch\/fr\/portfolio_page\/"},{"@type":"ListItem","position":3,"name":"Rendez-vous Bundesplatz Bern 2016"}]},{"@type":"WebSite","@id":"https:\/\/www.starlightevents.ch\/#website","url":"https:\/\/www.starlightevents.ch\/","name":"Starlight Events GmbH","description":"Realisation von Licht- und Tonspektakel","potentialAction":[{"@type":"SearchAction","target":{"@type":"EntryPoint","urlTemplate":"https:\/\/www.starlightevents.ch\/?s={search_term_string}"},"query-input":{"@type":"PropertyValueSpecification","valueRequired":true,"valueName":"search_term_string"}}],"inLanguage":"fr-FR"}]}},"_links":{"self":[{"href":"https:\/\/www.starlightevents.ch\/fr\/wp-json\/wp\/v2\/portfolio_page\/25389","targetHints":{"allow":["GET"]}}],"collection":[{"href":"https:\/\/www.starlightevents.ch\/fr\/wp-json\/wp\/v2\/portfolio_page"}],"about":[{"href":"https:\/\/www.starlightevents.ch\/fr\/wp-json\/wp\/v2\/types\/portfolio_page"}],"author":[{"embeddable":true,"href":"https:\/\/www.starlightevents.ch\/fr\/wp-json\/wp\/v2\/users\/5"}],"replies":[{"embeddable":true,"href":"https:\/\/www.starlightevents.ch\/fr\/wp-json\/wp\/v2\/comments?post=25389"}],"wp:featuredmedia":[{"embeddable":true,"href":"https:\/\/www.starlightevents.ch\/fr\/wp-json\/wp\/v2\/media\/25994"}],"wp:attachment":[{"href":"https:\/\/www.starlightevents.ch\/fr\/wp-json\/wp\/v2\/media?parent=25389"}],"wp:term":[{"taxonomy":"portfolio_category","embeddable":true,"href":"https:\/\/www.starlightevents.ch\/fr\/wp-json\/wp\/v2\/portfolio_category?post=25389"},{"taxonomy":"portfolio_tag","embeddable":true,"href":"https:\/\/www.starlightevents.ch\/fr\/wp-json\/wp\/v2\/portfolio_tag?post=25389"}],"curies":[{"name":"wp","href":"https:\/\/api.w.org\/{rel}","templated":true}]}}