{"id":25393,"date":"2017-04-11T19:08:58","date_gmt":"2017-04-11T17:08:58","guid":{"rendered":"http:\/\/relaunch.starlightevents.ch\/portfolio_page\/rendez-vous-bundesplatz-bern-2017\/"},"modified":"2018-05-31T14:18:20","modified_gmt":"2018-05-31T12:18:20","slug":"rendez-vous-bundesplatz-bern-2017","status":"publish","type":"portfolio_page","link":"https:\/\/www.starlightevents.ch\/fr\/portfolio_page\/rendez-vous-bundesplatz-bern-2017\/","title":{"rendered":"Rendez-vous Bundesplatz Bern 2017"},"content":{"rendered":"<div class=\"wpb-content-wrapper\"><p>[vc_row css_animation=\u00a0\u00bb\u00a0\u00bb row_type=\u00a0\u00bbrow\u00a0\u00bb use_row_as_full_screen_section=\u00a0\u00bbno\u00a0\u00bb type=\u00a0\u00bbfull_width\u00a0\u00bb angled_section=\u00a0\u00bbno\u00a0\u00bb text_align=\u00a0\u00bbleft\u00a0\u00bb background_image=\u00a0\u00bb25808&Prime; background_image_as_pattern=\u00a0\u00bbwithout_pattern\u00a0\u00bb z_index=\u00a0\u00bb\u00a0\u00bb][vc_column][vc_empty_space height=\u00a0\u00bb700px\u00a0\u00bb][\/vc_column][\/vc_row][vc_row css_animation=\u00a0\u00bb\u00a0\u00bb row_type=\u00a0\u00bbrow\u00a0\u00bb use_row_as_full_screen_section=\u00a0\u00bbno\u00a0\u00bb type=\u00a0\u00bbgrid\u00a0\u00bb angled_section=\u00a0\u00bbno\u00a0\u00bb text_align=\u00a0\u00bbleft\u00a0\u00bb background_image_as_pattern=\u00a0\u00bbwithout_pattern\u00a0\u00bb z_index=\u00a0\u00bb\u00a0\u00bb][vc_column][vc_empty_space][vc_column_text]<\/p>\n<h1>Rendez-vous Bundesplatz Bern 2017<\/h1>\n<p>[\/vc_column_text][vc_separator type=\u00a0\u00bbsmall\u00a0\u00bb position=\u00a0\u00bbleft\u00a0\u00bb][vc_column_text]<\/p>\n<h2>RESET : le spectacle 2017<\/h2>\n<p>Nous sommes \u00e0 la charni\u00e8re des XVe\u00a0et XVIe si\u00e8cles. Le monde est en effervescence, c\u2019est l\u2019entr\u00e9e dans la modernit\u00e9. Il est question de nouveaux mondes, de nouveaux moyens de communication, de nouvelles id\u00e9es. L\u2019Am\u00e9rique est d\u00e9couverte. Gr\u00e2ce \u00e0 Gutenberg, l\u2019imprimerie se diffuse et les humanistes placent l\u2019homme au centre de leur r\u00e9flexion.<\/p>\n<p>Mais de terribles pestes s\u2019abattent toujours en vagues meurtri\u00e8res sur les populations, tuant impitoyablement tous les jours, toutes les heures, tout \u00e0 coup. Difficile d\u2019imaginer combien l\u2019angoisse d\u2019une mort soudaine a d\u00fb alors \u00eatre immense. Seuls\u00a0 les dons, les p\u00e8lerinages et l\u2019achat de lettres d\u2019indulgence sont en mesure de combattre la fureur de Dieu, calmer la terreur du Jugement dernier et des tourments de l\u2019enfer, qu\u2019attisent avec ferveur des pr\u00eatres et des pr\u00eacheurs de peur. Les affaires de l\u2019Eglise sont florissantes.<\/p>\n<p>Et voil\u00e0 qu\u2019il y a juste 500 ans, ce 31 octobre 1517, Martin Luther prend un marteau pour placarder, sur la porte de l\u2019\u00e9glise du ch\u00e2teau de Wittenberg, ses 95 th\u00e8ses o\u00f9 il d\u00e9nonce notamment le commerce des indulgences. Peut-\u00eatre. Ou peut-\u00eatre pas. Sans \u00eatre attest\u00e9 historiquement, cet \u00e9pisode est malgr\u00e9 tout consid\u00e9r\u00e9 comme le point de d\u00e9part retentissant de la R\u00e9forme. Ce qui est s\u00fbr cependant, c\u2019est que ce jour-l\u00e0, Luther a adress\u00e9 des copies de ses 95 th\u00e8ses \u00e0 plusieurs dignitaires de l\u2019Eglise dont deux \u00e9v\u00eaques. C\u2019est alors que tout s\u2019est encha\u00een\u00e9.<\/p>\n<p>Ainsi avec Zwingli qui incarne pour les Suisses ce que Luther fut pour les Allemands. Huldrych Zwingli, alors \u00e0 35 ans pr\u00eatre s\u00e9culier de l\u2019\u00e9glise de Grossm\u00fcnster \u00e0 Zurich, est atteint, comme bien d\u2019autres, par une \u00e9pid\u00e9mie de peste. Il en r\u00e9chappera mais pr\u00e8s d\u2019un quart des sept mille habitants de Zurich vont en mourir. A Zurich, c\u2019est la fameuse \u00ab affaire des saucisses \u00bb qui marque le d\u00e9but de la R\u00e9forme : autrement dit un repas organis\u00e9 dans la maison de l\u2019imprimeur Christoph Froschauer, l\u2019\u00e9diteur de la traduction de la Bible par Zwingli, et ce, de mani\u00e8re ostensible, le moment choisi \u00e9tant une pure provocation : nous sommes en effet en plein Car\u00eame. Du coup, Zwingli publie son premier manifeste r\u00e9formateur. Avec pour cons\u00e9quence le d\u00e9but de controverses violentes avec l\u2019\u00e9v\u00eaque de Constance : il s\u2019agit l\u00e0 de la Premi\u00e8re Dispute.<\/p>\n<p>Alors que le centre de la Conf\u00e9d\u00e9ration helv\u00e9tique reste fid\u00e8le au catholicisme, Zurich, Berne, B\u00e2le et Schaffhouse adoptent alors la nouvelle confession. Pour la premi\u00e8re fois, la R\u00e9forme creuse un foss\u00e9 entre la ville et la campagne. Et la guerre va \u00e9clater entre cantons protestants et cantons catholiques. La premi\u00e8re des guerres de Kappel s\u2019ach\u00e8ve pacifiquement par le c\u00e9l\u00e8bre \u00e9pisode dit \u00ab de la soupe au lait \u00bb. En revanche, la seconde guerre est sanglante et co\u00fbtera la vie \u00e0 Zwingli.<\/p>\n<p>Rien ne se d\u00e9roule non plus sereinement \u00e0 Gen\u00e8ve o\u00f9 Jean Calvin impose sa R\u00e9forme d\u2019une main de fer. De tous les r\u00e9formateurs, c\u2019est lui qui conna\u00eetra le plus grand succ\u00e8s international. Il fait de Gen\u00e8ve \u00ab la Rome protestante \u00bb.<\/p>\n<p><a href=\"http:\/\/www.rendezvousbundesplatz.ch\/fr\/bienvenu\/\" target=\"_blank\" rel=\"noopener\">Plus d\u2019informations sur le site du projet<\/a>[\/vc_column_text][\/vc_column][\/vc_row][vc_row css_animation=\u00a0\u00bb\u00a0\u00bb row_type=\u00a0\u00bbrow\u00a0\u00bb use_row_as_full_screen_section=\u00a0\u00bbno\u00a0\u00bb type=\u00a0\u00bbgrid\u00a0\u00bb angled_section=\u00a0\u00bbno\u00a0\u00bb text_align=\u00a0\u00bbleft\u00a0\u00bb background_image_as_pattern=\u00a0\u00bbwithout_pattern\u00a0\u00bb z_index=\u00a0\u00bb\u00a0\u00bb][vc_column][vc_empty_space]<div class=\"qode-advanced-image-gallery  qode-aig-grid-type qode-normal-space  qode-image-behavior-lightbox \">\n\t<div class=\"qode-aig-inner qode-outer-space qode-aig-grid qode-aig-four-columns\">\n\t\t\t\t\t<div class=\"qode-aig-image qode-item-space\">\n\t\t\t\t<div class=\"qode-aig-image-inner\">\n\t\t\t\t\t\t\t\t\t\t\t<a itemprop=\"image\" class=\"qode-aig-lightbox\" href=\"\" data-rel=\"prettyPhoto[image_gallery_pretty_photo-873]\" title=\"Rendez-vous Bundesplatz Bern 2017\">\n\t\t\t\t\t\t\t\t\t\t\t\t\t\t\t\t\t<span class=\"aig-gallery-hover\">\n\t\t\t\t\t\t\t\t\t\t\t\t\t<\/span>\n\t\t\t\t\t\t\t\t\t\t\t<\/a>\n\t\t\t\t\t\t\t\t\t<\/div>\n\t\t\t<\/div>\n\t\t\t\t\t\t\t\t<div class=\"qode-aig-image qode-item-space\">\n\t\t\t\t<div class=\"qode-aig-image-inner\">\n\t\t\t\t\t\t\t\t\t\t\t<a itemprop=\"image\" class=\"qode-aig-lightbox\" href=\"\" data-rel=\"prettyPhoto[image_gallery_pretty_photo-873]\" title=\"Rendez-vous Bundesplatz Bern 2017\">\n\t\t\t\t\t\t\t\t\t\t\t\t\t\t\t\t\t<span class=\"aig-gallery-hover\">\n\t\t\t\t\t\t\t\t\t\t\t\t\t<\/span>\n\t\t\t\t\t\t\t\t\t\t\t<\/a>\n\t\t\t\t\t\t\t\t\t<\/div>\n\t\t\t<\/div>\n\t\t\t\t\t\t\t\t<div class=\"qode-aig-image qode-item-space\">\n\t\t\t\t<div class=\"qode-aig-image-inner\">\n\t\t\t\t\t\t\t\t\t\t\t<a itemprop=\"image\" class=\"qode-aig-lightbox\" href=\"\" data-rel=\"prettyPhoto[image_gallery_pretty_photo-873]\" title=\"Rendez-vous Bundesplatz Bern 2017\">\n\t\t\t\t\t\t\t\t\t\t\t\t\t\t\t\t\t<span class=\"aig-gallery-hover\">\n\t\t\t\t\t\t\t\t\t\t\t\t\t<\/span>\n\t\t\t\t\t\t\t\t\t\t\t<\/a>\n\t\t\t\t\t\t\t\t\t<\/div>\n\t\t\t<\/div>\n\t\t\t\t\t\t\t\t<div class=\"qode-aig-image qode-item-space\">\n\t\t\t\t<div class=\"qode-aig-image-inner\">\n\t\t\t\t\t\t\t\t\t\t\t<a itemprop=\"image\" class=\"qode-aig-lightbox\" href=\"\" data-rel=\"prettyPhoto[image_gallery_pretty_photo-873]\" title=\"Rendez-vous Bundesplatz Bern 2017\">\n\t\t\t\t\t\t\t\t\t\t\t\t\t\t\t\t\t<span class=\"aig-gallery-hover\">\n\t\t\t\t\t\t\t\t\t\t\t\t\t<\/span>\n\t\t\t\t\t\t\t\t\t\t\t<\/a>\n\t\t\t\t\t\t\t\t\t<\/div>\n\t\t\t<\/div>\n\t\t\t\t\t\t\t\t<div class=\"qode-aig-image qode-item-space\">\n\t\t\t\t<div class=\"qode-aig-image-inner\">\n\t\t\t\t\t\t\t\t\t\t\t<a itemprop=\"image\" class=\"qode-aig-lightbox\" href=\"\" data-rel=\"prettyPhoto[image_gallery_pretty_photo-873]\" title=\"Rendez-vous Bundesplatz Bern 2017\">\n\t\t\t\t\t\t\t\t\t\t\t\t\t\t\t\t\t<span class=\"aig-gallery-hover\">\n\t\t\t\t\t\t\t\t\t\t\t\t\t<\/span>\n\t\t\t\t\t\t\t\t\t\t\t<\/a>\n\t\t\t\t\t\t\t\t\t<\/div>\n\t\t\t<\/div>\n\t\t\t\t\t\t\t\t<div class=\"qode-aig-image qode-item-space\">\n\t\t\t\t<div class=\"qode-aig-image-inner\">\n\t\t\t\t\t\t\t\t\t\t\t<a itemprop=\"image\" class=\"qode-aig-lightbox\" href=\"https:\/\/www.starlightevents.ch\/wp-content\/uploads\/2018\/05\/img_projekt_rvb17_2100x1400_6.jpg\" data-rel=\"prettyPhoto[image_gallery_pretty_photo-873]\" title=\"img_projekt_rvb17_2100x1400_6\">\n\t\t\t\t\t\t\t\t\t\t\t<img loading=\"lazy\" decoding=\"async\" width=\"2100\" height=\"1400\" src=\"https:\/\/www.starlightevents.ch\/wp-content\/uploads\/2018\/05\/img_projekt_rvb17_2100x1400_6.jpg\" class=\"attachment-full size-full\" alt=\"\" srcset=\"https:\/\/www.starlightevents.ch\/wp-content\/uploads\/2018\/05\/img_projekt_rvb17_2100x1400_6.jpg 2100w, https:\/\/www.starlightevents.ch\/wp-content\/uploads\/2018\/05\/img_projekt_rvb17_2100x1400_6-300x200.jpg 300w, https:\/\/www.starlightevents.ch\/wp-content\/uploads\/2018\/05\/img_projekt_rvb17_2100x1400_6-768x512.jpg 768w, https:\/\/www.starlightevents.ch\/wp-content\/uploads\/2018\/05\/img_projekt_rvb17_2100x1400_6-1024x683.jpg 1024w, https:\/\/www.starlightevents.ch\/wp-content\/uploads\/2018\/05\/img_projekt_rvb17_2100x1400_6-700x467.jpg 700w\" sizes=\"auto, (max-width: 2100px) 100vw, 2100px\" \/>\t\t\t\t\t\t<span class=\"aig-gallery-hover\">\n\t\t\t\t\t\t\t\t\t\t\t\t\t<\/span>\n\t\t\t\t\t\t\t\t\t\t\t<\/a>\n\t\t\t\t\t\t\t\t\t<\/div>\n\t\t\t<\/div>\n\t\t\t\t\t\t\t\t<div class=\"qode-aig-image qode-item-space\">\n\t\t\t\t<div class=\"qode-aig-image-inner\">\n\t\t\t\t\t\t\t\t\t\t\t<a itemprop=\"image\" class=\"qode-aig-lightbox\" href=\"https:\/\/www.starlightevents.ch\/wp-content\/uploads\/2018\/05\/img_projekt_rvb17_2100x1400_7.jpg\" data-rel=\"prettyPhoto[image_gallery_pretty_photo-873]\" title=\"img_projekt_rvb17_2100x1400_7\">\n\t\t\t\t\t\t\t\t\t\t\t<img loading=\"lazy\" decoding=\"async\" width=\"2100\" height=\"1400\" src=\"https:\/\/www.starlightevents.ch\/wp-content\/uploads\/2018\/05\/img_projekt_rvb17_2100x1400_7.jpg\" class=\"attachment-full size-full\" alt=\"\" srcset=\"https:\/\/www.starlightevents.ch\/wp-content\/uploads\/2018\/05\/img_projekt_rvb17_2100x1400_7.jpg 2100w, https:\/\/www.starlightevents.ch\/wp-content\/uploads\/2018\/05\/img_projekt_rvb17_2100x1400_7-300x200.jpg 300w, https:\/\/www.starlightevents.ch\/wp-content\/uploads\/2018\/05\/img_projekt_rvb17_2100x1400_7-768x512.jpg 768w, https:\/\/www.starlightevents.ch\/wp-content\/uploads\/2018\/05\/img_projekt_rvb17_2100x1400_7-1024x683.jpg 1024w, https:\/\/www.starlightevents.ch\/wp-content\/uploads\/2018\/05\/img_projekt_rvb17_2100x1400_7-700x467.jpg 700w\" sizes=\"auto, (max-width: 2100px) 100vw, 2100px\" \/>\t\t\t\t\t\t<span class=\"aig-gallery-hover\">\n\t\t\t\t\t\t\t\t\t\t\t\t\t<\/span>\n\t\t\t\t\t\t\t\t\t\t\t<\/a>\n\t\t\t\t\t\t\t\t\t<\/div>\n\t\t\t<\/div>\n\t\t\t\t\t\t\t\t<div class=\"qode-aig-image qode-item-space\">\n\t\t\t\t<div class=\"qode-aig-image-inner\">\n\t\t\t\t\t\t\t\t\t\t\t<a itemprop=\"image\" class=\"qode-aig-lightbox\" href=\"https:\/\/www.starlightevents.ch\/wp-content\/uploads\/2018\/05\/img_projekt_rvb17_2100x1400_8.jpg\" data-rel=\"prettyPhoto[image_gallery_pretty_photo-873]\" title=\"img_projekt_rvb17_2100x1400_8\">\n\t\t\t\t\t\t\t\t\t\t\t<img loading=\"lazy\" decoding=\"async\" width=\"2100\" height=\"1400\" src=\"https:\/\/www.starlightevents.ch\/wp-content\/uploads\/2018\/05\/img_projekt_rvb17_2100x1400_8.jpg\" class=\"attachment-full size-full\" alt=\"\" srcset=\"https:\/\/www.starlightevents.ch\/wp-content\/uploads\/2018\/05\/img_projekt_rvb17_2100x1400_8.jpg 2100w, https:\/\/www.starlightevents.ch\/wp-content\/uploads\/2018\/05\/img_projekt_rvb17_2100x1400_8-300x200.jpg 300w, https:\/\/www.starlightevents.ch\/wp-content\/uploads\/2018\/05\/img_projekt_rvb17_2100x1400_8-768x512.jpg 768w, https:\/\/www.starlightevents.ch\/wp-content\/uploads\/2018\/05\/img_projekt_rvb17_2100x1400_8-1024x683.jpg 1024w, https:\/\/www.starlightevents.ch\/wp-content\/uploads\/2018\/05\/img_projekt_rvb17_2100x1400_8-700x467.jpg 700w\" sizes=\"auto, (max-width: 2100px) 100vw, 2100px\" \/>\t\t\t\t\t\t<span class=\"aig-gallery-hover\">\n\t\t\t\t\t\t\t\t\t\t\t\t\t<\/span>\n\t\t\t\t\t\t\t\t\t\t\t<\/a>\n\t\t\t\t\t\t\t\t\t<\/div>\n\t\t\t<\/div>\n\t\t\t\t\t\t<\/div>\n<\/div>[vc_empty_space][\/vc_column][\/vc_row][vc_row css_animation=\u00a0\u00bb\u00a0\u00bb row_type=\u00a0\u00bbrow\u00a0\u00bb use_row_as_full_screen_section=\u00a0\u00bbno\u00a0\u00bb type=\u00a0\u00bbgrid\u00a0\u00bb angled_section=\u00a0\u00bbno\u00a0\u00bb text_align=\u00a0\u00bbleft\u00a0\u00bb background_image_as_pattern=\u00a0\u00bbwithout_pattern\u00a0\u00bb z_index=\u00a0\u00bb\u00a0\u00bb][vc_column width=\u00a0\u00bb1\/2&Prime;][vc_column_text]<\/p>\n<h2>Spectacle<\/h2>\n<p>[\/vc_column_text][vc_empty_space][vc_column_text]<div class=\"epyt-video-wrapper\"><iframe loading=\"lazy\"  id=\"_ytid_41228\"  width=\"1060\" height=\"596\"  data-origwidth=\"1060\" data-origheight=\"596\"  data-relstop=\"1\" src=\"https:\/\/www.youtube.com\/embed\/ETdQ2lXFlzE?enablejsapi=1&autoplay=0&cc_load_policy=0&cc_lang_pref=&iv_load_policy=3&loop=0&rel=0&fs=1&playsinline=0&autohide=2&theme=dark&color=red&controls=1&disablekb=0&\" class=\"__youtube_prefs__  no-lazyload\" title=\"YouTube player\"  allow=\"fullscreen; accelerometer; autoplay; clipboard-write; encrypted-media; gyroscope; picture-in-picture; web-share\" referrerpolicy=\"strict-origin-when-cross-origin\" allowfullscreen data-no-lazy=\"1\" data-skipgform_ajax_framebjll=\"\"><\/iframe><\/div>[\/vc_column_text][vc_empty_space][\/vc_column][vc_column width=\u00a0\u00bb1\/2&Prime;][vc_column_text]<\/p>\n<h2>Trailer<\/h2>\n<p>[\/vc_column_text][vc_empty_space][vc_column_text]<div class=\"epyt-video-wrapper\"><iframe loading=\"lazy\"  id=\"_ytid_68488\"  width=\"1060\" height=\"596\"  data-origwidth=\"1060\" data-origheight=\"596\"  data-relstop=\"1\" src=\"https:\/\/www.youtube.com\/embed\/iM181EgbHZ4?enablejsapi=1&autoplay=0&cc_load_policy=0&cc_lang_pref=&iv_load_policy=3&loop=0&rel=0&fs=1&playsinline=0&autohide=2&theme=dark&color=red&controls=1&disablekb=0&\" class=\"__youtube_prefs__  no-lazyload\" title=\"YouTube player\"  allow=\"fullscreen; accelerometer; autoplay; clipboard-write; encrypted-media; gyroscope; picture-in-picture; web-share\" referrerpolicy=\"strict-origin-when-cross-origin\" allowfullscreen data-no-lazy=\"1\" data-skipgform_ajax_framebjll=\"\"><\/iframe><\/div>[\/vc_column_text][vc_empty_space height=\u00a0\u00bb64px\u00a0\u00bb][\/vc_column][\/vc_row]<\/p>\n<\/div>","protected":false},"excerpt":{"rendered":"<p>[vc_row css_animation=\u00a0\u00bb\u00a0\u00bb row_type=\u00a0\u00bbrow\u00a0\u00bb use_row_as_full_screen_section=\u00a0\u00bbno\u00a0\u00bb type=\u00a0\u00bbfull_width\u00a0\u00bb angled_section=\u00a0\u00bbno\u00a0\u00bb text_align=\u00a0\u00bbleft\u00a0\u00bb background_image=\u00a0\u00bb25808&Prime; background_image_as_pattern=\u00a0\u00bbwithout_pattern\u00a0\u00bb z_index=\u00a0\u00bb\u00a0\u00bb][vc_column][vc_empty_space height=\u00a0\u00bb700px\u00a0\u00bb][\/vc_column][\/vc_row][vc_row css_animation=\u00a0\u00bb\u00a0\u00bb row_type=\u00a0\u00bbrow\u00a0\u00bb use_row_as_full_screen_section=\u00a0\u00bbno\u00a0\u00bb type=\u00a0\u00bbgrid\u00a0\u00bb angled_section=\u00a0\u00bbno\u00a0\u00bb text_align=\u00a0\u00bbleft\u00a0\u00bb background_image_as_pattern=\u00a0\u00bbwithout_pattern\u00a0\u00bb z_index=\u00a0\u00bb\u00a0\u00bb][vc_column][vc_empty_space][vc_column_text] Rendez-vous Bundesplatz Bern 2017 [\/vc_column_text][vc_separator type=\u00a0\u00bbsmall\u00a0\u00bb position=\u00a0\u00bbleft\u00a0\u00bb][vc_column_text] RESET : le spectacle 2017 Nous sommes \u00e0 la charni\u00e8re des XVe\u00a0et XVIe si\u00e8cles. Le monde est en effervescence,&#8230;<\/p>\n","protected":false},"author":5,"featured_media":24987,"menu_order":0,"comment_status":"closed","ping_status":"closed","template":"","portfolio_category":[254],"portfolio_tag":[],"class_list":["post-25393","portfolio_page","type-portfolio_page","status-publish","has-post-thumbnail","hentry","portfolio_category-projekte-fr"],"yoast_head":"<!-- This site is optimized with the Yoast SEO plugin v27.0 - https:\/\/yoast.com\/product\/yoast-seo-wordpress\/ -->\n<title>Rendez-vous Bundesplatz Bern 2017 - Starlight Events GmbH<\/title>\n<meta name=\"robots\" content=\"index, follow, max-snippet:-1, max-image-preview:large, max-video-preview:-1\" \/>\n<link rel=\"canonical\" href=\"https:\/\/www.starlightevents.ch\/fr\/portfolio_page\/rendez-vous-bundesplatz-bern-2017\/\" \/>\n<meta property=\"og:locale\" content=\"fr_FR\" \/>\n<meta property=\"og:type\" content=\"article\" \/>\n<meta property=\"og:title\" content=\"Rendez-vous Bundesplatz Bern 2017 - Starlight Events GmbH\" \/>\n<meta property=\"og:description\" content=\"[vc_row css_animation=\u00a0\u00bb\u00a0\u00bb row_type=\u00a0\u00bbrow\u00a0\u00bb use_row_as_full_screen_section=\u00a0\u00bbno\u00a0\u00bb type=\u00a0\u00bbfull_width\u00a0\u00bb angled_section=\u00a0\u00bbno\u00a0\u00bb text_align=\u00a0\u00bbleft\u00a0\u00bb background_image=\u00a0\u00bb25808&Prime; background_image_as_pattern=\u00a0\u00bbwithout_pattern\u00a0\u00bb z_index=\u00a0\u00bb\u00a0\u00bb][vc_column][vc_empty_space height=\u00a0\u00bb700px\u00a0\u00bb][\/vc_column][\/vc_row][vc_row css_animation=\u00a0\u00bb\u00a0\u00bb row_type=\u00a0\u00bbrow\u00a0\u00bb use_row_as_full_screen_section=\u00a0\u00bbno\u00a0\u00bb type=\u00a0\u00bbgrid\u00a0\u00bb angled_section=\u00a0\u00bbno\u00a0\u00bb text_align=\u00a0\u00bbleft\u00a0\u00bb background_image_as_pattern=\u00a0\u00bbwithout_pattern\u00a0\u00bb z_index=\u00a0\u00bb\u00a0\u00bb][vc_column][vc_empty_space][vc_column_text] Rendez-vous Bundesplatz Bern 2017 [\/vc_column_text][vc_separator type=\u00a0\u00bbsmall\u00a0\u00bb position=\u00a0\u00bbleft\u00a0\u00bb][vc_column_text] RESET : le spectacle 2017 Nous sommes \u00e0 la charni\u00e8re des XVe\u00a0et XVIe si\u00e8cles. Le monde est en effervescence,...\" \/>\n<meta property=\"og:url\" content=\"https:\/\/www.starlightevents.ch\/fr\/portfolio_page\/rendez-vous-bundesplatz-bern-2017\/\" \/>\n<meta property=\"og:site_name\" content=\"Starlight Events GmbH\" \/>\n<meta property=\"article:modified_time\" content=\"2018-05-31T12:18:20+00:00\" \/>\n<meta property=\"og:image\" content=\"https:\/\/www.starlightevents.ch\/wp-content\/uploads\/2018\/04\/img_projekt_rvb17_bild1.jpg\" \/>\n\t<meta property=\"og:image:width\" content=\"1200\" \/>\n\t<meta property=\"og:image:height\" content=\"800\" \/>\n\t<meta property=\"og:image:type\" content=\"image\/jpeg\" \/>\n<meta name=\"twitter:card\" content=\"summary_large_image\" \/>\n<meta name=\"twitter:label1\" content=\"Dur\u00e9e de lecture estim\u00e9e\" \/>\n\t<meta name=\"twitter:data1\" content=\"4 minutes\" \/>\n<script type=\"application\/ld+json\" class=\"yoast-schema-graph\">{\"@context\":\"https:\/\/schema.org\",\"@graph\":[{\"@type\":\"WebPage\",\"@id\":\"https:\/\/www.starlightevents.ch\/fr\/portfolio_page\/rendez-vous-bundesplatz-bern-2017\/\",\"url\":\"https:\/\/www.starlightevents.ch\/fr\/portfolio_page\/rendez-vous-bundesplatz-bern-2017\/\",\"name\":\"Rendez-vous Bundesplatz Bern 2017 - Starlight Events GmbH\",\"isPartOf\":{\"@id\":\"https:\/\/www.starlightevents.ch\/#website\"},\"primaryImageOfPage\":{\"@id\":\"https:\/\/www.starlightevents.ch\/fr\/portfolio_page\/rendez-vous-bundesplatz-bern-2017\/#primaryimage\"},\"image\":{\"@id\":\"https:\/\/www.starlightevents.ch\/fr\/portfolio_page\/rendez-vous-bundesplatz-bern-2017\/#primaryimage\"},\"thumbnailUrl\":\"https:\/\/www.starlightevents.ch\/wp-content\/uploads\/2018\/04\/img_projekt_rvb17_bild1.jpg\",\"datePublished\":\"2017-04-11T17:08:58+00:00\",\"dateModified\":\"2018-05-31T12:18:20+00:00\",\"breadcrumb\":{\"@id\":\"https:\/\/www.starlightevents.ch\/fr\/portfolio_page\/rendez-vous-bundesplatz-bern-2017\/#breadcrumb\"},\"inLanguage\":\"fr-FR\",\"potentialAction\":[{\"@type\":\"ReadAction\",\"target\":[\"https:\/\/www.starlightevents.ch\/fr\/portfolio_page\/rendez-vous-bundesplatz-bern-2017\/\"]}]},{\"@type\":\"ImageObject\",\"inLanguage\":\"fr-FR\",\"@id\":\"https:\/\/www.starlightevents.ch\/fr\/portfolio_page\/rendez-vous-bundesplatz-bern-2017\/#primaryimage\",\"url\":\"https:\/\/www.starlightevents.ch\/wp-content\/uploads\/2018\/04\/img_projekt_rvb17_bild1.jpg\",\"contentUrl\":\"https:\/\/www.starlightevents.ch\/wp-content\/uploads\/2018\/04\/img_projekt_rvb17_bild1.jpg\",\"width\":1200,\"height\":800},{\"@type\":\"BreadcrumbList\",\"@id\":\"https:\/\/www.starlightevents.ch\/fr\/portfolio_page\/rendez-vous-bundesplatz-bern-2017\/#breadcrumb\",\"itemListElement\":[{\"@type\":\"ListItem\",\"position\":1,\"name\":\"Startseite\",\"item\":\"https:\/\/www.starlightevents.ch\/fr\/\"},{\"@type\":\"ListItem\",\"position\":2,\"name\":\"Portfolio\",\"item\":\"https:\/\/www.starlightevents.ch\/fr\/portfolio_page\/\"},{\"@type\":\"ListItem\",\"position\":3,\"name\":\"Rendez-vous Bundesplatz Bern 2017\"}]},{\"@type\":\"WebSite\",\"@id\":\"https:\/\/www.starlightevents.ch\/#website\",\"url\":\"https:\/\/www.starlightevents.ch\/\",\"name\":\"Starlight Events GmbH\",\"description\":\"Realisation von Licht- und Tonspektakel\",\"potentialAction\":[{\"@type\":\"SearchAction\",\"target\":{\"@type\":\"EntryPoint\",\"urlTemplate\":\"https:\/\/www.starlightevents.ch\/?s={search_term_string}\"},\"query-input\":{\"@type\":\"PropertyValueSpecification\",\"valueRequired\":true,\"valueName\":\"search_term_string\"}}],\"inLanguage\":\"fr-FR\"}]}<\/script>\n<!-- \/ Yoast SEO plugin. -->","yoast_head_json":{"title":"Rendez-vous Bundesplatz Bern 2017 - Starlight Events GmbH","robots":{"index":"index","follow":"follow","max-snippet":"max-snippet:-1","max-image-preview":"max-image-preview:large","max-video-preview":"max-video-preview:-1"},"canonical":"https:\/\/www.starlightevents.ch\/fr\/portfolio_page\/rendez-vous-bundesplatz-bern-2017\/","og_locale":"fr_FR","og_type":"article","og_title":"Rendez-vous Bundesplatz Bern 2017 - Starlight Events GmbH","og_description":"[vc_row css_animation=\u00a0\u00bb\u00a0\u00bb row_type=\u00a0\u00bbrow\u00a0\u00bb use_row_as_full_screen_section=\u00a0\u00bbno\u00a0\u00bb type=\u00a0\u00bbfull_width\u00a0\u00bb angled_section=\u00a0\u00bbno\u00a0\u00bb text_align=\u00a0\u00bbleft\u00a0\u00bb background_image=\u00a0\u00bb25808&Prime; background_image_as_pattern=\u00a0\u00bbwithout_pattern\u00a0\u00bb z_index=\u00a0\u00bb\u00a0\u00bb][vc_column][vc_empty_space height=\u00a0\u00bb700px\u00a0\u00bb][\/vc_column][\/vc_row][vc_row css_animation=\u00a0\u00bb\u00a0\u00bb row_type=\u00a0\u00bbrow\u00a0\u00bb use_row_as_full_screen_section=\u00a0\u00bbno\u00a0\u00bb type=\u00a0\u00bbgrid\u00a0\u00bb angled_section=\u00a0\u00bbno\u00a0\u00bb text_align=\u00a0\u00bbleft\u00a0\u00bb background_image_as_pattern=\u00a0\u00bbwithout_pattern\u00a0\u00bb z_index=\u00a0\u00bb\u00a0\u00bb][vc_column][vc_empty_space][vc_column_text] Rendez-vous Bundesplatz Bern 2017 [\/vc_column_text][vc_separator type=\u00a0\u00bbsmall\u00a0\u00bb position=\u00a0\u00bbleft\u00a0\u00bb][vc_column_text] RESET : le spectacle 2017 Nous sommes \u00e0 la charni\u00e8re des XVe\u00a0et XVIe si\u00e8cles. Le monde est en effervescence,...","og_url":"https:\/\/www.starlightevents.ch\/fr\/portfolio_page\/rendez-vous-bundesplatz-bern-2017\/","og_site_name":"Starlight Events GmbH","article_modified_time":"2018-05-31T12:18:20+00:00","og_image":[{"width":1200,"height":800,"url":"https:\/\/www.starlightevents.ch\/wp-content\/uploads\/2018\/04\/img_projekt_rvb17_bild1.jpg","type":"image\/jpeg"}],"twitter_card":"summary_large_image","twitter_misc":{"Dur\u00e9e de lecture estim\u00e9e":"4 minutes"},"schema":{"@context":"https:\/\/schema.org","@graph":[{"@type":"WebPage","@id":"https:\/\/www.starlightevents.ch\/fr\/portfolio_page\/rendez-vous-bundesplatz-bern-2017\/","url":"https:\/\/www.starlightevents.ch\/fr\/portfolio_page\/rendez-vous-bundesplatz-bern-2017\/","name":"Rendez-vous Bundesplatz Bern 2017 - Starlight Events GmbH","isPartOf":{"@id":"https:\/\/www.starlightevents.ch\/#website"},"primaryImageOfPage":{"@id":"https:\/\/www.starlightevents.ch\/fr\/portfolio_page\/rendez-vous-bundesplatz-bern-2017\/#primaryimage"},"image":{"@id":"https:\/\/www.starlightevents.ch\/fr\/portfolio_page\/rendez-vous-bundesplatz-bern-2017\/#primaryimage"},"thumbnailUrl":"https:\/\/www.starlightevents.ch\/wp-content\/uploads\/2018\/04\/img_projekt_rvb17_bild1.jpg","datePublished":"2017-04-11T17:08:58+00:00","dateModified":"2018-05-31T12:18:20+00:00","breadcrumb":{"@id":"https:\/\/www.starlightevents.ch\/fr\/portfolio_page\/rendez-vous-bundesplatz-bern-2017\/#breadcrumb"},"inLanguage":"fr-FR","potentialAction":[{"@type":"ReadAction","target":["https:\/\/www.starlightevents.ch\/fr\/portfolio_page\/rendez-vous-bundesplatz-bern-2017\/"]}]},{"@type":"ImageObject","inLanguage":"fr-FR","@id":"https:\/\/www.starlightevents.ch\/fr\/portfolio_page\/rendez-vous-bundesplatz-bern-2017\/#primaryimage","url":"https:\/\/www.starlightevents.ch\/wp-content\/uploads\/2018\/04\/img_projekt_rvb17_bild1.jpg","contentUrl":"https:\/\/www.starlightevents.ch\/wp-content\/uploads\/2018\/04\/img_projekt_rvb17_bild1.jpg","width":1200,"height":800},{"@type":"BreadcrumbList","@id":"https:\/\/www.starlightevents.ch\/fr\/portfolio_page\/rendez-vous-bundesplatz-bern-2017\/#breadcrumb","itemListElement":[{"@type":"ListItem","position":1,"name":"Startseite","item":"https:\/\/www.starlightevents.ch\/fr\/"},{"@type":"ListItem","position":2,"name":"Portfolio","item":"https:\/\/www.starlightevents.ch\/fr\/portfolio_page\/"},{"@type":"ListItem","position":3,"name":"Rendez-vous Bundesplatz Bern 2017"}]},{"@type":"WebSite","@id":"https:\/\/www.starlightevents.ch\/#website","url":"https:\/\/www.starlightevents.ch\/","name":"Starlight Events GmbH","description":"Realisation von Licht- und Tonspektakel","potentialAction":[{"@type":"SearchAction","target":{"@type":"EntryPoint","urlTemplate":"https:\/\/www.starlightevents.ch\/?s={search_term_string}"},"query-input":{"@type":"PropertyValueSpecification","valueRequired":true,"valueName":"search_term_string"}}],"inLanguage":"fr-FR"}]}},"_links":{"self":[{"href":"https:\/\/www.starlightevents.ch\/fr\/wp-json\/wp\/v2\/portfolio_page\/25393","targetHints":{"allow":["GET"]}}],"collection":[{"href":"https:\/\/www.starlightevents.ch\/fr\/wp-json\/wp\/v2\/portfolio_page"}],"about":[{"href":"https:\/\/www.starlightevents.ch\/fr\/wp-json\/wp\/v2\/types\/portfolio_page"}],"author":[{"embeddable":true,"href":"https:\/\/www.starlightevents.ch\/fr\/wp-json\/wp\/v2\/users\/5"}],"replies":[{"embeddable":true,"href":"https:\/\/www.starlightevents.ch\/fr\/wp-json\/wp\/v2\/comments?post=25393"}],"wp:featuredmedia":[{"embeddable":true,"href":"https:\/\/www.starlightevents.ch\/fr\/wp-json\/wp\/v2\/media\/24987"}],"wp:attachment":[{"href":"https:\/\/www.starlightevents.ch\/fr\/wp-json\/wp\/v2\/media?parent=25393"}],"wp:term":[{"taxonomy":"portfolio_category","embeddable":true,"href":"https:\/\/www.starlightevents.ch\/fr\/wp-json\/wp\/v2\/portfolio_category?post=25393"},{"taxonomy":"portfolio_tag","embeddable":true,"href":"https:\/\/www.starlightevents.ch\/fr\/wp-json\/wp\/v2\/portfolio_tag?post=25393"}],"curies":[{"name":"wp","href":"https:\/\/api.w.org\/{rel}","templated":true}]}}