{"id":26249,"date":"2019-05-08T16:53:26","date_gmt":"2019-05-08T14:53:26","guid":{"rendered":"http:\/\/relaunch.starlightevents.ch\/portfolio_page\/architekturprojektionen-was-aecht-schwyz\/"},"modified":"2019-12-11T18:23:50","modified_gmt":"2019-12-11T17:23:50","slug":"architekturprojektionen-was-aecht-schwyz","status":"publish","type":"portfolio_page","link":"https:\/\/www.starlightevents.ch\/fr\/portfolio_page\/architekturprojektionen-was-aecht-schwyz\/","title":{"rendered":"Architekturprojektionen \u00abWas \u00e4cht Schwyz\u00bb"},"content":{"rendered":"<div class=\"wpb-content-wrapper\"><p>[vc_row css_animation=\u00a0\u00bb\u00a0\u00bb row_type=\u00a0\u00bbrow\u00a0\u00bb use_row_as_full_screen_section=\u00a0\u00bbno\u00a0\u00bb type=\u00a0\u00bbfull_width\u00a0\u00bb angled_section=\u00a0\u00bbno\u00a0\u00bb text_align=\u00a0\u00bbleft\u00a0\u00bb background_image_as_pattern=\u00a0\u00bbwithout_pattern\u00a0\u00bb background_image=\u00a0\u00bb26265&Prime; z_index=\u00a0\u00bb\u00a0\u00bb][vc_column][vc_empty_space height=\u00a0\u00bb700px\u00a0\u00bb][\/vc_column][\/vc_row][vc_row css_animation=\u00a0\u00bb\u00a0\u00bb row_type=\u00a0\u00bbrow\u00a0\u00bb use_row_as_full_screen_section=\u00a0\u00bbno\u00a0\u00bb type=\u00a0\u00bbgrid\u00a0\u00bb angled_section=\u00a0\u00bbno\u00a0\u00bb text_align=\u00a0\u00bbleft\u00a0\u00bb background_image_as_pattern=\u00a0\u00bbwithout_pattern\u00a0\u00bb z_index=\u00a0\u00bb\u00a0\u00bb][vc_column][vc_empty_space][vc_column_text]<\/p>\n<h1>Architekturprojektionen \u00abWas \u00e4cht Schwyz\u00bb<\/h1>\n<p>[\/vc_column_text][vc_separator type=\u00a0\u00bbsmall\u00a0\u00bb position=\u00a0\u00bbleft\u00a0\u00bb][vc_column_text]An der Fasnacht 2019 fand auf dem Hauptplatz Schwyz nach f\u00fcnf Jahren Unterbruch wieder ein Freilichttheater statt. Es wurde ein n\u00e4rrisches Spektakel mit viel \u00abSchwyzness\u00bb. Eine Geschichte, in der die Japanesen eine Rolle spielten, jedoch anders als seit 1863 aufgetreten sind. Eine Stunde lang wurde das Publikum verz\u00fcckt von einer aberwitzigen Schwyzer Geschichte, von tr\u00e4fen Spr\u00fcchen und herrlichen Charakteren. Das Schauspiel wurde umrahmt von toller Musik Multimedia-Elementen und einer illuminierten Kulisse, in der vor allem die Fassade der Schwyzer Pfarrkirche eine zentrale Rolle spielte.<\/p>\n<p><strong>K\u00fcnstlerische Leitung Fasnachtsspiel \u00abWas \u00e4cht Schwyz\u00bb:<\/strong><\/p>\n<p><strong>Illumination Kirche:<\/strong> Starlight Events, Brigitte Roux<br \/>\n<strong>Architekturprojektion:<\/strong>\u00a0CASA MAGICA, Sabine Weissinger und Friedrich F\u00f6rster<br \/>\n<strong>Autor und Produzent Fasnachsspiel:<\/strong>\u00a0Roger B\u00fcrgler<br \/>\n<strong>Regie:\u00a0<\/strong>Urs K\u00fcndig<br \/>\n<strong>OK-Pr\u00e4sident:<\/strong>\u00a0Karl Sch\u00f6nb\u00e4chler[\/vc_column_text][\/vc_column][\/vc_row][vc_row css_animation=\u00a0\u00bb\u00a0\u00bb row_type=\u00a0\u00bbrow\u00a0\u00bb use_row_as_full_screen_section=\u00a0\u00bbno\u00a0\u00bb type=\u00a0\u00bbgrid\u00a0\u00bb angled_section=\u00a0\u00bbno\u00a0\u00bb text_align=\u00a0\u00bbleft\u00a0\u00bb background_image_as_pattern=\u00a0\u00bbwithout_pattern\u00a0\u00bb z_index=\u00a0\u00bb\u00a0\u00bb][vc_column][vc_empty_space][vc_column_text]<div class=\"epyt-video-wrapper\"><iframe loading=\"lazy\"  id=\"_ytid_14626\"  width=\"1060\" height=\"596\"  data-origwidth=\"1060\" data-origheight=\"596\"  data-relstop=\"1\" src=\"https:\/\/www.youtube.com\/embed\/o_FkVRJCqJc?enablejsapi=1&autoplay=0&cc_load_policy=0&cc_lang_pref=&iv_load_policy=3&loop=0&rel=0&fs=1&playsinline=0&autohide=2&theme=dark&color=red&controls=1&disablekb=0&\" class=\"__youtube_prefs__  no-lazyload\" title=\"YouTube player\"  allow=\"fullscreen; accelerometer; autoplay; clipboard-write; encrypted-media; gyroscope; picture-in-picture; web-share\" referrerpolicy=\"strict-origin-when-cross-origin\" allowfullscreen data-no-lazy=\"1\" data-skipgform_ajax_framebjll=\"\"><\/iframe><\/div>[\/vc_column_text][vc_empty_space][\/vc_column][\/vc_row]<\/p>\n<\/div>","protected":false},"excerpt":{"rendered":"<p>[vc_row css_animation=\u00a0\u00bb\u00a0\u00bb row_type=\u00a0\u00bbrow\u00a0\u00bb use_row_as_full_screen_section=\u00a0\u00bbno\u00a0\u00bb type=\u00a0\u00bbfull_width\u00a0\u00bb angled_section=\u00a0\u00bbno\u00a0\u00bb text_align=\u00a0\u00bbleft\u00a0\u00bb background_image_as_pattern=\u00a0\u00bbwithout_pattern\u00a0\u00bb background_image=\u00a0\u00bb26265&Prime; z_index=\u00a0\u00bb\u00a0\u00bb][vc_column][vc_empty_space height=\u00a0\u00bb700px\u00a0\u00bb][\/vc_column][\/vc_row][vc_row css_animation=\u00a0\u00bb\u00a0\u00bb row_type=\u00a0\u00bbrow\u00a0\u00bb use_row_as_full_screen_section=\u00a0\u00bbno\u00a0\u00bb type=\u00a0\u00bbgrid\u00a0\u00bb angled_section=\u00a0\u00bbno\u00a0\u00bb text_align=\u00a0\u00bbleft\u00a0\u00bb background_image_as_pattern=\u00a0\u00bbwithout_pattern\u00a0\u00bb z_index=\u00a0\u00bb\u00a0\u00bb][vc_column][vc_empty_space][vc_column_text] Architekturprojektionen \u00abWas \u00e4cht Schwyz\u00bb [\/vc_column_text][vc_separator type=\u00a0\u00bbsmall\u00a0\u00bb position=\u00a0\u00bbleft\u00a0\u00bb][vc_column_text]An der Fasnacht 2019 fand auf dem Hauptplatz Schwyz nach f\u00fcnf Jahren Unterbruch wieder ein Freilichttheater statt. Es wurde ein&#8230;<\/p>\n","protected":false},"author":5,"featured_media":26247,"menu_order":0,"comment_status":"closed","ping_status":"closed","template":"","portfolio_category":[254],"portfolio_tag":[],"class_list":["post-26249","portfolio_page","type-portfolio_page","status-publish","has-post-thumbnail","hentry","portfolio_category-projekte-fr"],"yoast_head":"<!-- This site is optimized with the Yoast SEO plugin v27.0 - https:\/\/yoast.com\/product\/yoast-seo-wordpress\/ -->\n<title>Architekturprojektionen \u00abWas \u00e4cht Schwyz\u00bb - Starlight Events GmbH<\/title>\n<meta name=\"robots\" content=\"index, follow, max-snippet:-1, max-image-preview:large, max-video-preview:-1\" \/>\n<link rel=\"canonical\" href=\"https:\/\/www.starlightevents.ch\/fr\/portfolio_page\/architekturprojektionen-was-aecht-schwyz\/\" \/>\n<meta property=\"og:locale\" content=\"fr_FR\" \/>\n<meta property=\"og:type\" content=\"article\" \/>\n<meta property=\"og:title\" content=\"Architekturprojektionen \u00abWas \u00e4cht Schwyz\u00bb - Starlight Events GmbH\" \/>\n<meta property=\"og:description\" content=\"[vc_row css_animation=\u00a0\u00bb\u00a0\u00bb row_type=\u00a0\u00bbrow\u00a0\u00bb use_row_as_full_screen_section=\u00a0\u00bbno\u00a0\u00bb type=\u00a0\u00bbfull_width\u00a0\u00bb angled_section=\u00a0\u00bbno\u00a0\u00bb text_align=\u00a0\u00bbleft\u00a0\u00bb background_image_as_pattern=\u00a0\u00bbwithout_pattern\u00a0\u00bb background_image=\u00a0\u00bb26265&Prime; z_index=\u00a0\u00bb\u00a0\u00bb][vc_column][vc_empty_space height=\u00a0\u00bb700px\u00a0\u00bb][\/vc_column][\/vc_row][vc_row css_animation=\u00a0\u00bb\u00a0\u00bb row_type=\u00a0\u00bbrow\u00a0\u00bb use_row_as_full_screen_section=\u00a0\u00bbno\u00a0\u00bb type=\u00a0\u00bbgrid\u00a0\u00bb angled_section=\u00a0\u00bbno\u00a0\u00bb text_align=\u00a0\u00bbleft\u00a0\u00bb background_image_as_pattern=\u00a0\u00bbwithout_pattern\u00a0\u00bb z_index=\u00a0\u00bb\u00a0\u00bb][vc_column][vc_empty_space][vc_column_text] Architekturprojektionen \u00abWas \u00e4cht Schwyz\u00bb [\/vc_column_text][vc_separator type=\u00a0\u00bbsmall\u00a0\u00bb position=\u00a0\u00bbleft\u00a0\u00bb][vc_column_text]An der Fasnacht 2019 fand auf dem Hauptplatz Schwyz nach f\u00fcnf Jahren Unterbruch wieder ein Freilichttheater statt. Es wurde ein...\" \/>\n<meta property=\"og:url\" content=\"https:\/\/www.starlightevents.ch\/fr\/portfolio_page\/architekturprojektionen-was-aecht-schwyz\/\" \/>\n<meta property=\"og:site_name\" content=\"Starlight Events GmbH\" \/>\n<meta property=\"article:modified_time\" content=\"2019-12-11T17:23:50+00:00\" \/>\n<meta property=\"og:image\" content=\"https:\/\/www.starlightevents.ch\/wp-content\/uploads\/2019\/05\/img_schwyz_02.jpg\" \/>\n\t<meta property=\"og:image:width\" content=\"2016\" \/>\n\t<meta property=\"og:image:height\" content=\"1512\" \/>\n\t<meta property=\"og:image:type\" content=\"image\/jpeg\" \/>\n<meta name=\"twitter:card\" content=\"summary_large_image\" \/>\n<meta name=\"twitter:label1\" content=\"Dur\u00e9e de lecture estim\u00e9e\" \/>\n\t<meta name=\"twitter:data1\" content=\"1 minute\" \/>\n<script type=\"application\/ld+json\" class=\"yoast-schema-graph\">{\"@context\":\"https:\/\/schema.org\",\"@graph\":[{\"@type\":\"WebPage\",\"@id\":\"https:\/\/www.starlightevents.ch\/fr\/portfolio_page\/architekturprojektionen-was-aecht-schwyz\/\",\"url\":\"https:\/\/www.starlightevents.ch\/fr\/portfolio_page\/architekturprojektionen-was-aecht-schwyz\/\",\"name\":\"Architekturprojektionen \u00abWas \u00e4cht Schwyz\u00bb - Starlight Events GmbH\",\"isPartOf\":{\"@id\":\"https:\/\/www.starlightevents.ch\/#website\"},\"primaryImageOfPage\":{\"@id\":\"https:\/\/www.starlightevents.ch\/fr\/portfolio_page\/architekturprojektionen-was-aecht-schwyz\/#primaryimage\"},\"image\":{\"@id\":\"https:\/\/www.starlightevents.ch\/fr\/portfolio_page\/architekturprojektionen-was-aecht-schwyz\/#primaryimage\"},\"thumbnailUrl\":\"https:\/\/www.starlightevents.ch\/wp-content\/uploads\/2019\/05\/img_schwyz_02.jpg\",\"datePublished\":\"2019-05-08T14:53:26+00:00\",\"dateModified\":\"2019-12-11T17:23:50+00:00\",\"breadcrumb\":{\"@id\":\"https:\/\/www.starlightevents.ch\/fr\/portfolio_page\/architekturprojektionen-was-aecht-schwyz\/#breadcrumb\"},\"inLanguage\":\"fr-FR\",\"potentialAction\":[{\"@type\":\"ReadAction\",\"target\":[\"https:\/\/www.starlightevents.ch\/fr\/portfolio_page\/architekturprojektionen-was-aecht-schwyz\/\"]}]},{\"@type\":\"ImageObject\",\"inLanguage\":\"fr-FR\",\"@id\":\"https:\/\/www.starlightevents.ch\/fr\/portfolio_page\/architekturprojektionen-was-aecht-schwyz\/#primaryimage\",\"url\":\"https:\/\/www.starlightevents.ch\/wp-content\/uploads\/2019\/05\/img_schwyz_02.jpg\",\"contentUrl\":\"https:\/\/www.starlightevents.ch\/wp-content\/uploads\/2019\/05\/img_schwyz_02.jpg\",\"width\":2016,\"height\":1512},{\"@type\":\"BreadcrumbList\",\"@id\":\"https:\/\/www.starlightevents.ch\/fr\/portfolio_page\/architekturprojektionen-was-aecht-schwyz\/#breadcrumb\",\"itemListElement\":[{\"@type\":\"ListItem\",\"position\":1,\"name\":\"Startseite\",\"item\":\"https:\/\/www.starlightevents.ch\/fr\/\"},{\"@type\":\"ListItem\",\"position\":2,\"name\":\"Portfolio\",\"item\":\"https:\/\/www.starlightevents.ch\/fr\/portfolio_page\/\"},{\"@type\":\"ListItem\",\"position\":3,\"name\":\"Architekturprojektionen \u00abWas \u00e4cht Schwyz\u00bb\"}]},{\"@type\":\"WebSite\",\"@id\":\"https:\/\/www.starlightevents.ch\/#website\",\"url\":\"https:\/\/www.starlightevents.ch\/\",\"name\":\"Starlight Events GmbH\",\"description\":\"Realisation von Licht- und Tonspektakel\",\"potentialAction\":[{\"@type\":\"SearchAction\",\"target\":{\"@type\":\"EntryPoint\",\"urlTemplate\":\"https:\/\/www.starlightevents.ch\/?s={search_term_string}\"},\"query-input\":{\"@type\":\"PropertyValueSpecification\",\"valueRequired\":true,\"valueName\":\"search_term_string\"}}],\"inLanguage\":\"fr-FR\"}]}<\/script>\n<!-- \/ Yoast SEO plugin. -->","yoast_head_json":{"title":"Architekturprojektionen \u00abWas \u00e4cht Schwyz\u00bb - Starlight Events GmbH","robots":{"index":"index","follow":"follow","max-snippet":"max-snippet:-1","max-image-preview":"max-image-preview:large","max-video-preview":"max-video-preview:-1"},"canonical":"https:\/\/www.starlightevents.ch\/fr\/portfolio_page\/architekturprojektionen-was-aecht-schwyz\/","og_locale":"fr_FR","og_type":"article","og_title":"Architekturprojektionen \u00abWas \u00e4cht Schwyz\u00bb - Starlight Events GmbH","og_description":"[vc_row css_animation=\u00a0\u00bb\u00a0\u00bb row_type=\u00a0\u00bbrow\u00a0\u00bb use_row_as_full_screen_section=\u00a0\u00bbno\u00a0\u00bb type=\u00a0\u00bbfull_width\u00a0\u00bb angled_section=\u00a0\u00bbno\u00a0\u00bb text_align=\u00a0\u00bbleft\u00a0\u00bb background_image_as_pattern=\u00a0\u00bbwithout_pattern\u00a0\u00bb background_image=\u00a0\u00bb26265&Prime; z_index=\u00a0\u00bb\u00a0\u00bb][vc_column][vc_empty_space height=\u00a0\u00bb700px\u00a0\u00bb][\/vc_column][\/vc_row][vc_row css_animation=\u00a0\u00bb\u00a0\u00bb row_type=\u00a0\u00bbrow\u00a0\u00bb use_row_as_full_screen_section=\u00a0\u00bbno\u00a0\u00bb type=\u00a0\u00bbgrid\u00a0\u00bb angled_section=\u00a0\u00bbno\u00a0\u00bb text_align=\u00a0\u00bbleft\u00a0\u00bb background_image_as_pattern=\u00a0\u00bbwithout_pattern\u00a0\u00bb z_index=\u00a0\u00bb\u00a0\u00bb][vc_column][vc_empty_space][vc_column_text] Architekturprojektionen \u00abWas \u00e4cht Schwyz\u00bb [\/vc_column_text][vc_separator type=\u00a0\u00bbsmall\u00a0\u00bb position=\u00a0\u00bbleft\u00a0\u00bb][vc_column_text]An der Fasnacht 2019 fand auf dem Hauptplatz Schwyz nach f\u00fcnf Jahren Unterbruch wieder ein Freilichttheater statt. Es wurde ein...","og_url":"https:\/\/www.starlightevents.ch\/fr\/portfolio_page\/architekturprojektionen-was-aecht-schwyz\/","og_site_name":"Starlight Events GmbH","article_modified_time":"2019-12-11T17:23:50+00:00","og_image":[{"width":2016,"height":1512,"url":"https:\/\/www.starlightevents.ch\/wp-content\/uploads\/2019\/05\/img_schwyz_02.jpg","type":"image\/jpeg"}],"twitter_card":"summary_large_image","twitter_misc":{"Dur\u00e9e de lecture estim\u00e9e":"1 minute"},"schema":{"@context":"https:\/\/schema.org","@graph":[{"@type":"WebPage","@id":"https:\/\/www.starlightevents.ch\/fr\/portfolio_page\/architekturprojektionen-was-aecht-schwyz\/","url":"https:\/\/www.starlightevents.ch\/fr\/portfolio_page\/architekturprojektionen-was-aecht-schwyz\/","name":"Architekturprojektionen \u00abWas \u00e4cht Schwyz\u00bb - Starlight Events GmbH","isPartOf":{"@id":"https:\/\/www.starlightevents.ch\/#website"},"primaryImageOfPage":{"@id":"https:\/\/www.starlightevents.ch\/fr\/portfolio_page\/architekturprojektionen-was-aecht-schwyz\/#primaryimage"},"image":{"@id":"https:\/\/www.starlightevents.ch\/fr\/portfolio_page\/architekturprojektionen-was-aecht-schwyz\/#primaryimage"},"thumbnailUrl":"https:\/\/www.starlightevents.ch\/wp-content\/uploads\/2019\/05\/img_schwyz_02.jpg","datePublished":"2019-05-08T14:53:26+00:00","dateModified":"2019-12-11T17:23:50+00:00","breadcrumb":{"@id":"https:\/\/www.starlightevents.ch\/fr\/portfolio_page\/architekturprojektionen-was-aecht-schwyz\/#breadcrumb"},"inLanguage":"fr-FR","potentialAction":[{"@type":"ReadAction","target":["https:\/\/www.starlightevents.ch\/fr\/portfolio_page\/architekturprojektionen-was-aecht-schwyz\/"]}]},{"@type":"ImageObject","inLanguage":"fr-FR","@id":"https:\/\/www.starlightevents.ch\/fr\/portfolio_page\/architekturprojektionen-was-aecht-schwyz\/#primaryimage","url":"https:\/\/www.starlightevents.ch\/wp-content\/uploads\/2019\/05\/img_schwyz_02.jpg","contentUrl":"https:\/\/www.starlightevents.ch\/wp-content\/uploads\/2019\/05\/img_schwyz_02.jpg","width":2016,"height":1512},{"@type":"BreadcrumbList","@id":"https:\/\/www.starlightevents.ch\/fr\/portfolio_page\/architekturprojektionen-was-aecht-schwyz\/#breadcrumb","itemListElement":[{"@type":"ListItem","position":1,"name":"Startseite","item":"https:\/\/www.starlightevents.ch\/fr\/"},{"@type":"ListItem","position":2,"name":"Portfolio","item":"https:\/\/www.starlightevents.ch\/fr\/portfolio_page\/"},{"@type":"ListItem","position":3,"name":"Architekturprojektionen \u00abWas \u00e4cht Schwyz\u00bb"}]},{"@type":"WebSite","@id":"https:\/\/www.starlightevents.ch\/#website","url":"https:\/\/www.starlightevents.ch\/","name":"Starlight Events GmbH","description":"Realisation von Licht- und Tonspektakel","potentialAction":[{"@type":"SearchAction","target":{"@type":"EntryPoint","urlTemplate":"https:\/\/www.starlightevents.ch\/?s={search_term_string}"},"query-input":{"@type":"PropertyValueSpecification","valueRequired":true,"valueName":"search_term_string"}}],"inLanguage":"fr-FR"}]}},"_links":{"self":[{"href":"https:\/\/www.starlightevents.ch\/fr\/wp-json\/wp\/v2\/portfolio_page\/26249","targetHints":{"allow":["GET"]}}],"collection":[{"href":"https:\/\/www.starlightevents.ch\/fr\/wp-json\/wp\/v2\/portfolio_page"}],"about":[{"href":"https:\/\/www.starlightevents.ch\/fr\/wp-json\/wp\/v2\/types\/portfolio_page"}],"author":[{"embeddable":true,"href":"https:\/\/www.starlightevents.ch\/fr\/wp-json\/wp\/v2\/users\/5"}],"replies":[{"embeddable":true,"href":"https:\/\/www.starlightevents.ch\/fr\/wp-json\/wp\/v2\/comments?post=26249"}],"wp:featuredmedia":[{"embeddable":true,"href":"https:\/\/www.starlightevents.ch\/fr\/wp-json\/wp\/v2\/media\/26247"}],"wp:attachment":[{"href":"https:\/\/www.starlightevents.ch\/fr\/wp-json\/wp\/v2\/media?parent=26249"}],"wp:term":[{"taxonomy":"portfolio_category","embeddable":true,"href":"https:\/\/www.starlightevents.ch\/fr\/wp-json\/wp\/v2\/portfolio_category?post=26249"},{"taxonomy":"portfolio_tag","embeddable":true,"href":"https:\/\/www.starlightevents.ch\/fr\/wp-json\/wp\/v2\/portfolio_tag?post=26249"}],"curies":[{"name":"wp","href":"https:\/\/api.w.org\/{rel}","templated":true}]}}