{"id":26368,"date":"2019-12-01T18:46:08","date_gmt":"2019-12-01T17:46:08","guid":{"rendered":"https:\/\/starlgt2020.broux.cyon.site\/?post_type=portfolio_page&#038;p=26368"},"modified":"2020-01-16T10:37:51","modified_gmt":"2020-01-16T09:37:51","slug":"rendez-vous-bundesplatz-2019","status":"publish","type":"portfolio_page","link":"https:\/\/www.starlightevents.ch\/fr\/portfolio_page\/rendez-vous-bundesplatz-2019\/","title":{"rendered":"Rendez-vous Bundesplatz 2019"},"content":{"rendered":"<div class=\"wpb-content-wrapper\"><p>[vc_row css_animation=\u00a0\u00bb\u00a0\u00bb row_type=\u00a0\u00bbrow\u00a0\u00bb use_row_as_full_screen_section=\u00a0\u00bbno\u00a0\u00bb type=\u00a0\u00bbfull_width\u00a0\u00bb angled_section=\u00a0\u00bbno\u00a0\u00bb text_align=\u00a0\u00bbleft\u00a0\u00bb background_image_as_pattern=\u00a0\u00bbwithout_pattern\u00a0\u00bb background_image=\u00a0\u00bb26417&Prime; z_index=\u00a0\u00bb\u00a0\u00bb][vc_column][vc_empty_space height=\u00a0\u00bb700px\u00a0\u00bb][\/vc_column][\/vc_row][vc_row css_animation=\u00a0\u00bb\u00a0\u00bb row_type=\u00a0\u00bbrow\u00a0\u00bb use_row_as_full_screen_section=\u00a0\u00bbno\u00a0\u00bb type=\u00a0\u00bbgrid\u00a0\u00bb angled_section=\u00a0\u00bbno\u00a0\u00bb text_align=\u00a0\u00bbleft\u00a0\u00bb background_image_as_pattern=\u00a0\u00bbwithout_pattern\u00a0\u00bb z_index=\u00a0\u00bb\u00a0\u00bb][vc_column][vc_empty_space][vc_column_text]<\/p>\n<h2>Rendez-vous Bundesplatz 2019:<br \/>\n\u00abFIRST STEP\u00bb<\/h2>\n<p>[\/vc_column_text][vc_separator type=\u00a0\u00bbsmall\u00a0\u00bb position=\u00a0\u00bbleft\u00a0\u00bb][vc_column_text]Le couronnement d&rsquo;un anniversaire : Il y a cinquante ans, Neil Armstrong a acc\u00e9d\u00e9 \u00e0 un corps c\u00e9leste o\u00f9 aucun humain n&rsquo;avait jamais \u00e9t\u00e9 auparavant. Pour c\u00e9l\u00e9brer cette \u00e9tape grandiose, Rendez-vous Bundesplatz a catapult\u00e9 le Bundeshaus dans l&rsquo;espace. Le 23 novembre 2019, Happy Landing a eu lieu pour la derni\u00e8re fois.<\/p>\n<p>D\u00e9sormais, pr\u00e8s de 552\u00a0400 spectatrices et spectateurs du monde entier le savent\u00a0: le b\u00e2timent du Parlement suisse peut s&rsquo;envoler. Et ce n&rsquo;est pas tout.<\/p>\n<p>Il est devenu la Terre, la base de lancement de Cape Canaveral, la surface de la Lune puis un bassin d&rsquo;entra\u00eenement sous-marin pour les astronautes. Il s&rsquo;est chang\u00e9 en \u00e9cran de projection pour nous raconter l&rsquo;histoire incroyable de ces premiers pas l\u00e9gendaires. Il a ramen\u00e9 les trois astronautes sains et saufs sur Terre.<\/p>\n<p>Pour la r\u00e9alisation de FIRST STEP, la productrice et organisatrice Brigitte Roux de Starlight Events a engag\u00e9 le collectif lumi\u00e8re Lichttapete de Vienne. Un choix qui a fait mouche. Parce que Lichttapete sont c\u00e9l\u00e8bres pour leurs mises en sc\u00e8nes multim\u00e9dia monumentales, notamment \u00e0 l&rsquo;Opernhaus de Zurich, au mus\u00e9e des Beaux-Arts de Vienne et au Hofburg d&rsquo;Innsbruck. Ma\u00eetrisant l&rsquo;art du changement de d\u00e9cor virtuel, le collectif a enchant\u00e9 le Bundehaus. Et envo\u00fbt\u00e9 le public. La neuvi\u00e8me \u00e9dition de Rendez-vous Bundesplatz a ouvert un nouveau chapitre.<\/p>\n<p><a href=\"https:\/\/www.rendezvousbundesplatz.ch\/fr\/\" target=\"_blank\" rel=\"noopener noreferrer\">Plus d\u2019informations sur le site du projet.<\/a>[\/vc_column_text][\/vc_column][\/vc_row][vc_row css_animation=\u00a0\u00bb\u00a0\u00bb row_type=\u00a0\u00bbrow\u00a0\u00bb use_row_as_full_screen_section=\u00a0\u00bbno\u00a0\u00bb type=\u00a0\u00bbgrid\u00a0\u00bb angled_section=\u00a0\u00bbno\u00a0\u00bb text_align=\u00a0\u00bbleft\u00a0\u00bb background_image_as_pattern=\u00a0\u00bbwithout_pattern\u00a0\u00bb z_index=\u00a0\u00bb\u00a0\u00bb][vc_column][vc_empty_space]<div class=\"qode-advanced-image-gallery  qode-aig-grid-type qode-normal-space  qode-image-behavior-lightbox \">\n\t<div class=\"qode-aig-inner qode-outer-space qode-aig-grid qode-aig-four-columns\">\n\t\t\t\t\t<div class=\"qode-aig-image qode-item-space\">\n\t\t\t\t<div class=\"qode-aig-image-inner\">\n\t\t\t\t\t\t\t\t\t\t\t<a itemprop=\"image\" class=\"qode-aig-lightbox\" href=\"https:\/\/www.starlightevents.ch\/wp-content\/uploads\/2019\/12\/projekte_rendezvous_bundesplatz_2019_6.jpg\" data-rel=\"prettyPhoto[image_gallery_pretty_photo-980]\" title=\"projekte_rendezvous_bundesplatz_2019_6\">\n\t\t\t\t\t\t\t\t\t\t\t<img loading=\"lazy\" decoding=\"async\" width=\"2100\" height=\"1400\" src=\"https:\/\/www.starlightevents.ch\/wp-content\/uploads\/2019\/12\/projekte_rendezvous_bundesplatz_2019_6.jpg\" class=\"attachment-full size-full\" alt=\"\" srcset=\"https:\/\/www.starlightevents.ch\/wp-content\/uploads\/2019\/12\/projekte_rendezvous_bundesplatz_2019_6.jpg 2100w, https:\/\/www.starlightevents.ch\/wp-content\/uploads\/2019\/12\/projekte_rendezvous_bundesplatz_2019_6-300x200.jpg 300w, https:\/\/www.starlightevents.ch\/wp-content\/uploads\/2019\/12\/projekte_rendezvous_bundesplatz_2019_6-768x512.jpg 768w, https:\/\/www.starlightevents.ch\/wp-content\/uploads\/2019\/12\/projekte_rendezvous_bundesplatz_2019_6-1024x683.jpg 1024w, https:\/\/www.starlightevents.ch\/wp-content\/uploads\/2019\/12\/projekte_rendezvous_bundesplatz_2019_6-700x467.jpg 700w\" sizes=\"auto, (max-width: 2100px) 100vw, 2100px\" \/>\t\t\t\t\t\t<span class=\"aig-gallery-hover\">\n\t\t\t\t\t\t\t\t\t\t\t\t\t<\/span>\n\t\t\t\t\t\t\t\t\t\t\t<\/a>\n\t\t\t\t\t\t\t\t\t<\/div>\n\t\t\t<\/div>\n\t\t\t\t\t\t\t\t<div class=\"qode-aig-image qode-item-space\">\n\t\t\t\t<div class=\"qode-aig-image-inner\">\n\t\t\t\t\t\t\t\t\t\t\t<a itemprop=\"image\" class=\"qode-aig-lightbox\" href=\"https:\/\/www.starlightevents.ch\/wp-content\/uploads\/2019\/12\/projekte_rendezvous_bundesplatz_2019_5.jpg\" data-rel=\"prettyPhoto[image_gallery_pretty_photo-980]\" title=\"projekte_rendezvous_bundesplatz_2019_5\">\n\t\t\t\t\t\t\t\t\t\t\t<img loading=\"lazy\" decoding=\"async\" width=\"2100\" height=\"1400\" src=\"https:\/\/www.starlightevents.ch\/wp-content\/uploads\/2019\/12\/projekte_rendezvous_bundesplatz_2019_5.jpg\" class=\"attachment-full size-full\" alt=\"\" srcset=\"https:\/\/www.starlightevents.ch\/wp-content\/uploads\/2019\/12\/projekte_rendezvous_bundesplatz_2019_5.jpg 2100w, https:\/\/www.starlightevents.ch\/wp-content\/uploads\/2019\/12\/projekte_rendezvous_bundesplatz_2019_5-300x200.jpg 300w, https:\/\/www.starlightevents.ch\/wp-content\/uploads\/2019\/12\/projekte_rendezvous_bundesplatz_2019_5-768x512.jpg 768w, https:\/\/www.starlightevents.ch\/wp-content\/uploads\/2019\/12\/projekte_rendezvous_bundesplatz_2019_5-1024x683.jpg 1024w, https:\/\/www.starlightevents.ch\/wp-content\/uploads\/2019\/12\/projekte_rendezvous_bundesplatz_2019_5-700x467.jpg 700w\" sizes=\"auto, (max-width: 2100px) 100vw, 2100px\" \/>\t\t\t\t\t\t<span class=\"aig-gallery-hover\">\n\t\t\t\t\t\t\t\t\t\t\t\t\t<\/span>\n\t\t\t\t\t\t\t\t\t\t\t<\/a>\n\t\t\t\t\t\t\t\t\t<\/div>\n\t\t\t<\/div>\n\t\t\t\t\t\t\t\t<div class=\"qode-aig-image qode-item-space\">\n\t\t\t\t<div class=\"qode-aig-image-inner\">\n\t\t\t\t\t\t\t\t\t\t\t<a itemprop=\"image\" class=\"qode-aig-lightbox\" href=\"https:\/\/www.starlightevents.ch\/wp-content\/uploads\/2019\/12\/projekte_rendezvous_bundesplatz_2019_4.jpg\" data-rel=\"prettyPhoto[image_gallery_pretty_photo-980]\" title=\"projekte_rendezvous_bundesplatz_2019_4\">\n\t\t\t\t\t\t\t\t\t\t\t<img loading=\"lazy\" decoding=\"async\" width=\"2100\" height=\"1400\" src=\"https:\/\/www.starlightevents.ch\/wp-content\/uploads\/2019\/12\/projekte_rendezvous_bundesplatz_2019_4.jpg\" class=\"attachment-full size-full\" alt=\"\" srcset=\"https:\/\/www.starlightevents.ch\/wp-content\/uploads\/2019\/12\/projekte_rendezvous_bundesplatz_2019_4.jpg 2100w, https:\/\/www.starlightevents.ch\/wp-content\/uploads\/2019\/12\/projekte_rendezvous_bundesplatz_2019_4-300x200.jpg 300w, https:\/\/www.starlightevents.ch\/wp-content\/uploads\/2019\/12\/projekte_rendezvous_bundesplatz_2019_4-768x512.jpg 768w, https:\/\/www.starlightevents.ch\/wp-content\/uploads\/2019\/12\/projekte_rendezvous_bundesplatz_2019_4-1024x683.jpg 1024w, https:\/\/www.starlightevents.ch\/wp-content\/uploads\/2019\/12\/projekte_rendezvous_bundesplatz_2019_4-700x467.jpg 700w\" sizes=\"auto, (max-width: 2100px) 100vw, 2100px\" \/>\t\t\t\t\t\t<span class=\"aig-gallery-hover\">\n\t\t\t\t\t\t\t\t\t\t\t\t\t<\/span>\n\t\t\t\t\t\t\t\t\t\t\t<\/a>\n\t\t\t\t\t\t\t\t\t<\/div>\n\t\t\t<\/div>\n\t\t\t\t\t\t\t\t<div class=\"qode-aig-image qode-item-space\">\n\t\t\t\t<div class=\"qode-aig-image-inner\">\n\t\t\t\t\t\t\t\t\t\t\t<a itemprop=\"image\" class=\"qode-aig-lightbox\" href=\"https:\/\/www.starlightevents.ch\/wp-content\/uploads\/2019\/12\/projekte_rendezvous_bundesplatz_2019_3.jpg\" data-rel=\"prettyPhoto[image_gallery_pretty_photo-980]\" title=\"projekte_rendezvous_bundesplatz_2019_3\">\n\t\t\t\t\t\t\t\t\t\t\t<img loading=\"lazy\" decoding=\"async\" width=\"2100\" height=\"1400\" src=\"https:\/\/www.starlightevents.ch\/wp-content\/uploads\/2019\/12\/projekte_rendezvous_bundesplatz_2019_3.jpg\" class=\"attachment-full size-full\" alt=\"\" srcset=\"https:\/\/www.starlightevents.ch\/wp-content\/uploads\/2019\/12\/projekte_rendezvous_bundesplatz_2019_3.jpg 2100w, https:\/\/www.starlightevents.ch\/wp-content\/uploads\/2019\/12\/projekte_rendezvous_bundesplatz_2019_3-300x200.jpg 300w, https:\/\/www.starlightevents.ch\/wp-content\/uploads\/2019\/12\/projekte_rendezvous_bundesplatz_2019_3-768x512.jpg 768w, https:\/\/www.starlightevents.ch\/wp-content\/uploads\/2019\/12\/projekte_rendezvous_bundesplatz_2019_3-1024x683.jpg 1024w, https:\/\/www.starlightevents.ch\/wp-content\/uploads\/2019\/12\/projekte_rendezvous_bundesplatz_2019_3-700x467.jpg 700w\" sizes=\"auto, (max-width: 2100px) 100vw, 2100px\" \/>\t\t\t\t\t\t<span class=\"aig-gallery-hover\">\n\t\t\t\t\t\t\t\t\t\t\t\t\t<\/span>\n\t\t\t\t\t\t\t\t\t\t\t<\/a>\n\t\t\t\t\t\t\t\t\t<\/div>\n\t\t\t<\/div>\n\t\t\t\t\t\t\t\t<div class=\"qode-aig-image qode-item-space\">\n\t\t\t\t<div class=\"qode-aig-image-inner\">\n\t\t\t\t\t\t\t\t\t\t\t<a itemprop=\"image\" class=\"qode-aig-lightbox\" href=\"https:\/\/www.starlightevents.ch\/wp-content\/uploads\/2019\/12\/projekte_rendezvous_bundesplatz_2019_2.jpg\" data-rel=\"prettyPhoto[image_gallery_pretty_photo-980]\" title=\"projekte_rendezvous_bundesplatz_2019_2\">\n\t\t\t\t\t\t\t\t\t\t\t<img loading=\"lazy\" decoding=\"async\" width=\"2100\" height=\"1400\" src=\"https:\/\/www.starlightevents.ch\/wp-content\/uploads\/2019\/12\/projekte_rendezvous_bundesplatz_2019_2.jpg\" class=\"attachment-full size-full\" alt=\"\" srcset=\"https:\/\/www.starlightevents.ch\/wp-content\/uploads\/2019\/12\/projekte_rendezvous_bundesplatz_2019_2.jpg 2100w, https:\/\/www.starlightevents.ch\/wp-content\/uploads\/2019\/12\/projekte_rendezvous_bundesplatz_2019_2-300x200.jpg 300w, https:\/\/www.starlightevents.ch\/wp-content\/uploads\/2019\/12\/projekte_rendezvous_bundesplatz_2019_2-768x512.jpg 768w, https:\/\/www.starlightevents.ch\/wp-content\/uploads\/2019\/12\/projekte_rendezvous_bundesplatz_2019_2-1024x683.jpg 1024w, https:\/\/www.starlightevents.ch\/wp-content\/uploads\/2019\/12\/projekte_rendezvous_bundesplatz_2019_2-700x467.jpg 700w\" sizes=\"auto, (max-width: 2100px) 100vw, 2100px\" \/>\t\t\t\t\t\t<span class=\"aig-gallery-hover\">\n\t\t\t\t\t\t\t\t\t\t\t\t\t<\/span>\n\t\t\t\t\t\t\t\t\t\t\t<\/a>\n\t\t\t\t\t\t\t\t\t<\/div>\n\t\t\t<\/div>\n\t\t\t\t\t\t\t\t<div class=\"qode-aig-image qode-item-space\">\n\t\t\t\t<div class=\"qode-aig-image-inner\">\n\t\t\t\t\t\t\t\t\t\t\t<a itemprop=\"image\" class=\"qode-aig-lightbox\" href=\"https:\/\/www.starlightevents.ch\/wp-content\/uploads\/2019\/12\/projekte_rendezvous_bundesplatz_2019_7.jpg\" data-rel=\"prettyPhoto[image_gallery_pretty_photo-980]\" title=\"projekte_rendezvous_bundesplatz_2019_7\">\n\t\t\t\t\t\t\t\t\t\t\t<img loading=\"lazy\" decoding=\"async\" width=\"2100\" height=\"1400\" src=\"https:\/\/www.starlightevents.ch\/wp-content\/uploads\/2019\/12\/projekte_rendezvous_bundesplatz_2019_7.jpg\" class=\"attachment-full size-full\" alt=\"\" srcset=\"https:\/\/www.starlightevents.ch\/wp-content\/uploads\/2019\/12\/projekte_rendezvous_bundesplatz_2019_7.jpg 2100w, https:\/\/www.starlightevents.ch\/wp-content\/uploads\/2019\/12\/projekte_rendezvous_bundesplatz_2019_7-300x200.jpg 300w, https:\/\/www.starlightevents.ch\/wp-content\/uploads\/2019\/12\/projekte_rendezvous_bundesplatz_2019_7-768x512.jpg 768w, https:\/\/www.starlightevents.ch\/wp-content\/uploads\/2019\/12\/projekte_rendezvous_bundesplatz_2019_7-1024x683.jpg 1024w, https:\/\/www.starlightevents.ch\/wp-content\/uploads\/2019\/12\/projekte_rendezvous_bundesplatz_2019_7-700x467.jpg 700w\" sizes=\"auto, (max-width: 2100px) 100vw, 2100px\" \/>\t\t\t\t\t\t<span class=\"aig-gallery-hover\">\n\t\t\t\t\t\t\t\t\t\t\t\t\t<\/span>\n\t\t\t\t\t\t\t\t\t\t\t<\/a>\n\t\t\t\t\t\t\t\t\t<\/div>\n\t\t\t<\/div>\n\t\t\t\t\t\t\t\t<div class=\"qode-aig-image qode-item-space\">\n\t\t\t\t<div class=\"qode-aig-image-inner\">\n\t\t\t\t\t\t\t\t\t\t\t<a itemprop=\"image\" class=\"qode-aig-lightbox\" href=\"https:\/\/www.starlightevents.ch\/wp-content\/uploads\/2019\/12\/projekte_rendezvous_bundesplatz_2019_8.jpg\" data-rel=\"prettyPhoto[image_gallery_pretty_photo-980]\" title=\"projekte_rendezvous_bundesplatz_2019_8\">\n\t\t\t\t\t\t\t\t\t\t\t<img loading=\"lazy\" decoding=\"async\" width=\"2100\" height=\"1400\" src=\"https:\/\/www.starlightevents.ch\/wp-content\/uploads\/2019\/12\/projekte_rendezvous_bundesplatz_2019_8.jpg\" class=\"attachment-full size-full\" alt=\"\" srcset=\"https:\/\/www.starlightevents.ch\/wp-content\/uploads\/2019\/12\/projekte_rendezvous_bundesplatz_2019_8.jpg 2100w, https:\/\/www.starlightevents.ch\/wp-content\/uploads\/2019\/12\/projekte_rendezvous_bundesplatz_2019_8-300x200.jpg 300w, https:\/\/www.starlightevents.ch\/wp-content\/uploads\/2019\/12\/projekte_rendezvous_bundesplatz_2019_8-768x512.jpg 768w, https:\/\/www.starlightevents.ch\/wp-content\/uploads\/2019\/12\/projekte_rendezvous_bundesplatz_2019_8-1024x683.jpg 1024w, https:\/\/www.starlightevents.ch\/wp-content\/uploads\/2019\/12\/projekte_rendezvous_bundesplatz_2019_8-700x467.jpg 700w\" sizes=\"auto, (max-width: 2100px) 100vw, 2100px\" \/>\t\t\t\t\t\t<span class=\"aig-gallery-hover\">\n\t\t\t\t\t\t\t\t\t\t\t\t\t<\/span>\n\t\t\t\t\t\t\t\t\t\t\t<\/a>\n\t\t\t\t\t\t\t\t\t<\/div>\n\t\t\t<\/div>\n\t\t\t\t\t\t\t\t<div class=\"qode-aig-image qode-item-space\">\n\t\t\t\t<div class=\"qode-aig-image-inner\">\n\t\t\t\t\t\t\t\t\t\t\t<a itemprop=\"image\" class=\"qode-aig-lightbox\" href=\"https:\/\/www.starlightevents.ch\/wp-content\/uploads\/2019\/12\/projekte_rendezvous_bundesplatz_2019_1.jpg\" data-rel=\"prettyPhoto[image_gallery_pretty_photo-980]\" title=\"projekte_rendezvous_bundesplatz_2019_1\">\n\t\t\t\t\t\t\t\t\t\t\t<img loading=\"lazy\" decoding=\"async\" width=\"2100\" height=\"1400\" src=\"https:\/\/www.starlightevents.ch\/wp-content\/uploads\/2019\/12\/projekte_rendezvous_bundesplatz_2019_1.jpg\" class=\"attachment-full size-full\" alt=\"\" srcset=\"https:\/\/www.starlightevents.ch\/wp-content\/uploads\/2019\/12\/projekte_rendezvous_bundesplatz_2019_1.jpg 2100w, https:\/\/www.starlightevents.ch\/wp-content\/uploads\/2019\/12\/projekte_rendezvous_bundesplatz_2019_1-300x200.jpg 300w, https:\/\/www.starlightevents.ch\/wp-content\/uploads\/2019\/12\/projekte_rendezvous_bundesplatz_2019_1-768x512.jpg 768w, https:\/\/www.starlightevents.ch\/wp-content\/uploads\/2019\/12\/projekte_rendezvous_bundesplatz_2019_1-1024x683.jpg 1024w, https:\/\/www.starlightevents.ch\/wp-content\/uploads\/2019\/12\/projekte_rendezvous_bundesplatz_2019_1-700x467.jpg 700w\" sizes=\"auto, (max-width: 2100px) 100vw, 2100px\" \/>\t\t\t\t\t\t<span class=\"aig-gallery-hover\">\n\t\t\t\t\t\t\t\t\t\t\t\t\t<\/span>\n\t\t\t\t\t\t\t\t\t\t\t<\/a>\n\t\t\t\t\t\t\t\t\t<\/div>\n\t\t\t<\/div>\n\t\t\t\t\t\t<\/div>\n<\/div>[vc_empty_space][\/vc_column][\/vc_row]<\/p>\n<\/div>","protected":false},"excerpt":{"rendered":"<p>[vc_row css_animation=\u00a0\u00bb\u00a0\u00bb row_type=\u00a0\u00bbrow\u00a0\u00bb use_row_as_full_screen_section=\u00a0\u00bbno\u00a0\u00bb type=\u00a0\u00bbfull_width\u00a0\u00bb angled_section=\u00a0\u00bbno\u00a0\u00bb text_align=\u00a0\u00bbleft\u00a0\u00bb background_image_as_pattern=\u00a0\u00bbwithout_pattern\u00a0\u00bb background_image=\u00a0\u00bb26417&Prime; z_index=\u00a0\u00bb\u00a0\u00bb][vc_column][vc_empty_space height=\u00a0\u00bb700px\u00a0\u00bb][\/vc_column][\/vc_row][vc_row css_animation=\u00a0\u00bb\u00a0\u00bb row_type=\u00a0\u00bbrow\u00a0\u00bb use_row_as_full_screen_section=\u00a0\u00bbno\u00a0\u00bb type=\u00a0\u00bbgrid\u00a0\u00bb angled_section=\u00a0\u00bbno\u00a0\u00bb text_align=\u00a0\u00bbleft\u00a0\u00bb background_image_as_pattern=\u00a0\u00bbwithout_pattern\u00a0\u00bb z_index=\u00a0\u00bb\u00a0\u00bb][vc_column][vc_empty_space][vc_column_text] Rendez-vous Bundesplatz 2019: \u00abFIRST STEP\u00bb [\/vc_column_text][vc_separator type=\u00a0\u00bbsmall\u00a0\u00bb position=\u00a0\u00bbleft\u00a0\u00bb][vc_column_text]Le couronnement d&rsquo;un anniversaire : Il y a cinquante ans, Neil Armstrong a acc\u00e9d\u00e9 \u00e0 un corps c\u00e9leste o\u00f9&#8230;<\/p>\n","protected":false},"author":5,"featured_media":26419,"menu_order":0,"comment_status":"closed","ping_status":"closed","template":"","portfolio_category":[254],"portfolio_tag":[],"class_list":["post-26368","portfolio_page","type-portfolio_page","status-publish","has-post-thumbnail","hentry","portfolio_category-projekte-fr"],"yoast_head":"<!-- This site is optimized with the Yoast SEO plugin v27.0 - https:\/\/yoast.com\/product\/yoast-seo-wordpress\/ -->\n<title>Rendez-vous Bundesplatz 2019 - Starlight Events GmbH<\/title>\n<meta name=\"robots\" content=\"index, follow, max-snippet:-1, max-image-preview:large, max-video-preview:-1\" \/>\n<link rel=\"canonical\" href=\"https:\/\/www.starlightevents.ch\/fr\/portfolio_page\/rendez-vous-bundesplatz-2019\/\" \/>\n<meta property=\"og:locale\" content=\"fr_FR\" \/>\n<meta property=\"og:type\" content=\"article\" \/>\n<meta property=\"og:title\" content=\"Rendez-vous Bundesplatz 2019 - Starlight Events GmbH\" \/>\n<meta property=\"og:description\" content=\"[vc_row css_animation=\u00a0\u00bb\u00a0\u00bb row_type=\u00a0\u00bbrow\u00a0\u00bb use_row_as_full_screen_section=\u00a0\u00bbno\u00a0\u00bb type=\u00a0\u00bbfull_width\u00a0\u00bb angled_section=\u00a0\u00bbno\u00a0\u00bb text_align=\u00a0\u00bbleft\u00a0\u00bb background_image_as_pattern=\u00a0\u00bbwithout_pattern\u00a0\u00bb background_image=\u00a0\u00bb26417&Prime; z_index=\u00a0\u00bb\u00a0\u00bb][vc_column][vc_empty_space height=\u00a0\u00bb700px\u00a0\u00bb][\/vc_column][\/vc_row][vc_row css_animation=\u00a0\u00bb\u00a0\u00bb row_type=\u00a0\u00bbrow\u00a0\u00bb use_row_as_full_screen_section=\u00a0\u00bbno\u00a0\u00bb type=\u00a0\u00bbgrid\u00a0\u00bb angled_section=\u00a0\u00bbno\u00a0\u00bb text_align=\u00a0\u00bbleft\u00a0\u00bb background_image_as_pattern=\u00a0\u00bbwithout_pattern\u00a0\u00bb z_index=\u00a0\u00bb\u00a0\u00bb][vc_column][vc_empty_space][vc_column_text] Rendez-vous Bundesplatz 2019: \u00abFIRST STEP\u00bb [\/vc_column_text][vc_separator type=\u00a0\u00bbsmall\u00a0\u00bb position=\u00a0\u00bbleft\u00a0\u00bb][vc_column_text]Le couronnement d&rsquo;un anniversaire : Il y a cinquante ans, Neil Armstrong a acc\u00e9d\u00e9 \u00e0 un corps c\u00e9leste o\u00f9...\" \/>\n<meta property=\"og:url\" content=\"https:\/\/www.starlightevents.ch\/fr\/portfolio_page\/rendez-vous-bundesplatz-2019\/\" \/>\n<meta property=\"og:site_name\" content=\"Starlight Events GmbH\" \/>\n<meta property=\"article:modified_time\" content=\"2020-01-16T09:37:51+00:00\" \/>\n<meta property=\"og:image\" content=\"https:\/\/www.starlightevents.ch\/wp-content\/uploads\/2019\/12\/projekte_rendezvous_bundesplatz_2019_6.jpg\" \/>\n\t<meta property=\"og:image:width\" content=\"2100\" \/>\n\t<meta property=\"og:image:height\" content=\"1400\" \/>\n\t<meta property=\"og:image:type\" content=\"image\/jpeg\" \/>\n<meta name=\"twitter:card\" content=\"summary_large_image\" \/>\n<meta name=\"twitter:label1\" content=\"Dur\u00e9e de lecture estim\u00e9e\" \/>\n\t<meta name=\"twitter:data1\" content=\"2 minutes\" \/>\n<script type=\"application\/ld+json\" class=\"yoast-schema-graph\">{\"@context\":\"https:\/\/schema.org\",\"@graph\":[{\"@type\":\"WebPage\",\"@id\":\"https:\/\/www.starlightevents.ch\/fr\/portfolio_page\/rendez-vous-bundesplatz-2019\/\",\"url\":\"https:\/\/www.starlightevents.ch\/fr\/portfolio_page\/rendez-vous-bundesplatz-2019\/\",\"name\":\"Rendez-vous Bundesplatz 2019 - Starlight Events GmbH\",\"isPartOf\":{\"@id\":\"https:\/\/www.starlightevents.ch\/#website\"},\"primaryImageOfPage\":{\"@id\":\"https:\/\/www.starlightevents.ch\/fr\/portfolio_page\/rendez-vous-bundesplatz-2019\/#primaryimage\"},\"image\":{\"@id\":\"https:\/\/www.starlightevents.ch\/fr\/portfolio_page\/rendez-vous-bundesplatz-2019\/#primaryimage\"},\"thumbnailUrl\":\"https:\/\/www.starlightevents.ch\/wp-content\/uploads\/2019\/12\/projekte_rendezvous_bundesplatz_2019_6.jpg\",\"datePublished\":\"2019-12-01T17:46:08+00:00\",\"dateModified\":\"2020-01-16T09:37:51+00:00\",\"breadcrumb\":{\"@id\":\"https:\/\/www.starlightevents.ch\/fr\/portfolio_page\/rendez-vous-bundesplatz-2019\/#breadcrumb\"},\"inLanguage\":\"fr-FR\",\"potentialAction\":[{\"@type\":\"ReadAction\",\"target\":[\"https:\/\/www.starlightevents.ch\/fr\/portfolio_page\/rendez-vous-bundesplatz-2019\/\"]}]},{\"@type\":\"ImageObject\",\"inLanguage\":\"fr-FR\",\"@id\":\"https:\/\/www.starlightevents.ch\/fr\/portfolio_page\/rendez-vous-bundesplatz-2019\/#primaryimage\",\"url\":\"https:\/\/www.starlightevents.ch\/wp-content\/uploads\/2019\/12\/projekte_rendezvous_bundesplatz_2019_6.jpg\",\"contentUrl\":\"https:\/\/www.starlightevents.ch\/wp-content\/uploads\/2019\/12\/projekte_rendezvous_bundesplatz_2019_6.jpg\",\"width\":2100,\"height\":1400},{\"@type\":\"BreadcrumbList\",\"@id\":\"https:\/\/www.starlightevents.ch\/fr\/portfolio_page\/rendez-vous-bundesplatz-2019\/#breadcrumb\",\"itemListElement\":[{\"@type\":\"ListItem\",\"position\":1,\"name\":\"Startseite\",\"item\":\"https:\/\/www.starlightevents.ch\/fr\/\"},{\"@type\":\"ListItem\",\"position\":2,\"name\":\"Portfolio\",\"item\":\"https:\/\/www.starlightevents.ch\/fr\/portfolio_page\/\"},{\"@type\":\"ListItem\",\"position\":3,\"name\":\"Rendez-vous Bundesplatz 2019\"}]},{\"@type\":\"WebSite\",\"@id\":\"https:\/\/www.starlightevents.ch\/#website\",\"url\":\"https:\/\/www.starlightevents.ch\/\",\"name\":\"Starlight Events GmbH\",\"description\":\"Realisation von Licht- und Tonspektakel\",\"potentialAction\":[{\"@type\":\"SearchAction\",\"target\":{\"@type\":\"EntryPoint\",\"urlTemplate\":\"https:\/\/www.starlightevents.ch\/?s={search_term_string}\"},\"query-input\":{\"@type\":\"PropertyValueSpecification\",\"valueRequired\":true,\"valueName\":\"search_term_string\"}}],\"inLanguage\":\"fr-FR\"}]}<\/script>\n<!-- \/ Yoast SEO plugin. -->","yoast_head_json":{"title":"Rendez-vous Bundesplatz 2019 - Starlight Events GmbH","robots":{"index":"index","follow":"follow","max-snippet":"max-snippet:-1","max-image-preview":"max-image-preview:large","max-video-preview":"max-video-preview:-1"},"canonical":"https:\/\/www.starlightevents.ch\/fr\/portfolio_page\/rendez-vous-bundesplatz-2019\/","og_locale":"fr_FR","og_type":"article","og_title":"Rendez-vous Bundesplatz 2019 - Starlight Events GmbH","og_description":"[vc_row css_animation=\u00a0\u00bb\u00a0\u00bb row_type=\u00a0\u00bbrow\u00a0\u00bb use_row_as_full_screen_section=\u00a0\u00bbno\u00a0\u00bb type=\u00a0\u00bbfull_width\u00a0\u00bb angled_section=\u00a0\u00bbno\u00a0\u00bb text_align=\u00a0\u00bbleft\u00a0\u00bb background_image_as_pattern=\u00a0\u00bbwithout_pattern\u00a0\u00bb background_image=\u00a0\u00bb26417&Prime; z_index=\u00a0\u00bb\u00a0\u00bb][vc_column][vc_empty_space height=\u00a0\u00bb700px\u00a0\u00bb][\/vc_column][\/vc_row][vc_row css_animation=\u00a0\u00bb\u00a0\u00bb row_type=\u00a0\u00bbrow\u00a0\u00bb use_row_as_full_screen_section=\u00a0\u00bbno\u00a0\u00bb type=\u00a0\u00bbgrid\u00a0\u00bb angled_section=\u00a0\u00bbno\u00a0\u00bb text_align=\u00a0\u00bbleft\u00a0\u00bb background_image_as_pattern=\u00a0\u00bbwithout_pattern\u00a0\u00bb z_index=\u00a0\u00bb\u00a0\u00bb][vc_column][vc_empty_space][vc_column_text] Rendez-vous Bundesplatz 2019: \u00abFIRST STEP\u00bb [\/vc_column_text][vc_separator type=\u00a0\u00bbsmall\u00a0\u00bb position=\u00a0\u00bbleft\u00a0\u00bb][vc_column_text]Le couronnement d&rsquo;un anniversaire : Il y a cinquante ans, Neil Armstrong a acc\u00e9d\u00e9 \u00e0 un corps c\u00e9leste o\u00f9...","og_url":"https:\/\/www.starlightevents.ch\/fr\/portfolio_page\/rendez-vous-bundesplatz-2019\/","og_site_name":"Starlight Events GmbH","article_modified_time":"2020-01-16T09:37:51+00:00","og_image":[{"width":2100,"height":1400,"url":"https:\/\/www.starlightevents.ch\/wp-content\/uploads\/2019\/12\/projekte_rendezvous_bundesplatz_2019_6.jpg","type":"image\/jpeg"}],"twitter_card":"summary_large_image","twitter_misc":{"Dur\u00e9e de lecture estim\u00e9e":"2 minutes"},"schema":{"@context":"https:\/\/schema.org","@graph":[{"@type":"WebPage","@id":"https:\/\/www.starlightevents.ch\/fr\/portfolio_page\/rendez-vous-bundesplatz-2019\/","url":"https:\/\/www.starlightevents.ch\/fr\/portfolio_page\/rendez-vous-bundesplatz-2019\/","name":"Rendez-vous Bundesplatz 2019 - Starlight Events GmbH","isPartOf":{"@id":"https:\/\/www.starlightevents.ch\/#website"},"primaryImageOfPage":{"@id":"https:\/\/www.starlightevents.ch\/fr\/portfolio_page\/rendez-vous-bundesplatz-2019\/#primaryimage"},"image":{"@id":"https:\/\/www.starlightevents.ch\/fr\/portfolio_page\/rendez-vous-bundesplatz-2019\/#primaryimage"},"thumbnailUrl":"https:\/\/www.starlightevents.ch\/wp-content\/uploads\/2019\/12\/projekte_rendezvous_bundesplatz_2019_6.jpg","datePublished":"2019-12-01T17:46:08+00:00","dateModified":"2020-01-16T09:37:51+00:00","breadcrumb":{"@id":"https:\/\/www.starlightevents.ch\/fr\/portfolio_page\/rendez-vous-bundesplatz-2019\/#breadcrumb"},"inLanguage":"fr-FR","potentialAction":[{"@type":"ReadAction","target":["https:\/\/www.starlightevents.ch\/fr\/portfolio_page\/rendez-vous-bundesplatz-2019\/"]}]},{"@type":"ImageObject","inLanguage":"fr-FR","@id":"https:\/\/www.starlightevents.ch\/fr\/portfolio_page\/rendez-vous-bundesplatz-2019\/#primaryimage","url":"https:\/\/www.starlightevents.ch\/wp-content\/uploads\/2019\/12\/projekte_rendezvous_bundesplatz_2019_6.jpg","contentUrl":"https:\/\/www.starlightevents.ch\/wp-content\/uploads\/2019\/12\/projekte_rendezvous_bundesplatz_2019_6.jpg","width":2100,"height":1400},{"@type":"BreadcrumbList","@id":"https:\/\/www.starlightevents.ch\/fr\/portfolio_page\/rendez-vous-bundesplatz-2019\/#breadcrumb","itemListElement":[{"@type":"ListItem","position":1,"name":"Startseite","item":"https:\/\/www.starlightevents.ch\/fr\/"},{"@type":"ListItem","position":2,"name":"Portfolio","item":"https:\/\/www.starlightevents.ch\/fr\/portfolio_page\/"},{"@type":"ListItem","position":3,"name":"Rendez-vous Bundesplatz 2019"}]},{"@type":"WebSite","@id":"https:\/\/www.starlightevents.ch\/#website","url":"https:\/\/www.starlightevents.ch\/","name":"Starlight Events GmbH","description":"Realisation von Licht- und Tonspektakel","potentialAction":[{"@type":"SearchAction","target":{"@type":"EntryPoint","urlTemplate":"https:\/\/www.starlightevents.ch\/?s={search_term_string}"},"query-input":{"@type":"PropertyValueSpecification","valueRequired":true,"valueName":"search_term_string"}}],"inLanguage":"fr-FR"}]}},"_links":{"self":[{"href":"https:\/\/www.starlightevents.ch\/fr\/wp-json\/wp\/v2\/portfolio_page\/26368","targetHints":{"allow":["GET"]}}],"collection":[{"href":"https:\/\/www.starlightevents.ch\/fr\/wp-json\/wp\/v2\/portfolio_page"}],"about":[{"href":"https:\/\/www.starlightevents.ch\/fr\/wp-json\/wp\/v2\/types\/portfolio_page"}],"author":[{"embeddable":true,"href":"https:\/\/www.starlightevents.ch\/fr\/wp-json\/wp\/v2\/users\/5"}],"replies":[{"embeddable":true,"href":"https:\/\/www.starlightevents.ch\/fr\/wp-json\/wp\/v2\/comments?post=26368"}],"wp:featuredmedia":[{"embeddable":true,"href":"https:\/\/www.starlightevents.ch\/fr\/wp-json\/wp\/v2\/media\/26419"}],"wp:attachment":[{"href":"https:\/\/www.starlightevents.ch\/fr\/wp-json\/wp\/v2\/media?parent=26368"}],"wp:term":[{"taxonomy":"portfolio_category","embeddable":true,"href":"https:\/\/www.starlightevents.ch\/fr\/wp-json\/wp\/v2\/portfolio_category?post=26368"},{"taxonomy":"portfolio_tag","embeddable":true,"href":"https:\/\/www.starlightevents.ch\/fr\/wp-json\/wp\/v2\/portfolio_tag?post=26368"}],"curies":[{"name":"wp","href":"https:\/\/api.w.org\/{rel}","templated":true}]}}